{"id":9769,"date":"2023-03-10T09:06:05","date_gmt":"2023-03-10T12:06:05","guid":{"rendered":"https:\/\/tws-empreendimentos.com.br\/?page_id=9769"},"modified":"2025-02-07T06:14:25","modified_gmt":"2025-02-07T09:14:25","slug":"blog","status":"publish","type":"page","link":"https:\/\/tws-empreendimentos.com.br\/es\/blog\/","title":{"rendered":"Blog"},"content":{"rendered":"\t\t<div data-elementor-type=\"wp-page\" data-elementor-id=\"9769\" class=\"elementor elementor-9769 elementor-45\" data-elementor-post-type=\"page\">\n\t\t\t\t<div class=\"elementor-element elementor-element-df62357 e-flex e-con-boxed e-con e-parent\" data-id=\"df62357\" data-element_type=\"container\" data-e-type=\"container\" data-settings=\"{&quot;background_background&quot;:&quot;gradient&quot;}\">\n\t\t\t\t\t<div class=\"e-con-inner\">\n\t\t\t\t<div class=\"elementor-element elementor-element-63ed9cb elementor-widget elementor-widget-heading\" data-id=\"63ed9cb\" data-element_type=\"widget\" data-e-type=\"widget\" data-widget_type=\"heading.default\">\n\t\t\t\t\t<h2 class=\"elementor-heading-title elementor-size-default\">Blog<\/h2>\t\t\t\t<\/div>\n\t\t\t\t<div class=\"elementor-element elementor-element-4f634bf elementor-grid-eael-col-3 elementor-grid-tablet-eael-col-2 elementor-grid-mobile-eael-col-1 elementor-widget elementor-widget-eael-post-grid\" data-id=\"4f634bf\" data-element_type=\"widget\" data-e-type=\"widget\" data-settings=\"{&quot;eael_post_grid_columns&quot;:&quot;eael-col-3&quot;,&quot;eael_post_grid_columns_tablet&quot;:&quot;eael-col-2&quot;,&quot;eael_post_grid_columns_mobile&quot;:&quot;eael-col-1&quot;}\" data-widget_type=\"eael-post-grid.default\">\n\t\t\t\t\t<div id=\"eael-post-grid-4f634bf\" class=\"eael-post-grid-container\">\n            <div class=\"eael-post-grid eael-post-appender eael-post-appender-4f634bf eael-post-grid-style-one\" data-layout-mode=\"masonry\"><article class=\"eael-grid-post  eael-post-grid-column eael-pg-post-25762 category-noticias-es\" data-id=\"25762\">\n        <div class=\"eael-grid-post-holder\">\n            <div class=\"eael-grid-post-holder-inner\"><div class=\"eael-entry-media\"><div class=\"eael-entry-overlay fade-in\"><i class=\"fas fa-long-arrow-alt-right\" aria-hidden=\"true\"><\/i><a href=\"https:\/\/tws-empreendimentos.com.br\/es\/reformar-en-enero-ahorrar-sin-perder-calidad\/\"><\/a><\/div><div class=\"eael-entry-thumbnail \">\n                <img fetchpriority=\"high\" decoding=\"async\" width=\"300\" height=\"180\" src=\"https:\/\/tws-empreendimentos.com.br\/wp-content\/uploads\/2025\/12\/Reformar-no-comeco-do-ano-300x180.jpg\" class=\"attachment-medium size-medium wp-image-25754\" alt=\"Reformar no come\u00e7o do ano\" srcset=\"https:\/\/tws-empreendimentos.com.br\/wp-content\/uploads\/2025\/12\/Reformar-no-comeco-do-ano-300x180.jpg 300w, https:\/\/tws-empreendimentos.com.br\/wp-content\/uploads\/2025\/12\/Reformar-no-comeco-do-ano-768x461.jpg 768w, https:\/\/tws-empreendimentos.com.br\/wp-content\/uploads\/2025\/12\/Reformar-no-comeco-do-ano.jpg 1025w\" sizes=\"(max-width: 300px) 100vw, 300px\" \/>\n            <\/div>\n        <\/div><div class=\"eael-entry-wrapper\"><header class=\"eael-entry-header\"><h2 class=\"eael-entry-title\"><a class=\"eael-grid-post-link\" href=\"https:\/\/tws-empreendimentos.com.br\/es\/reformar-en-enero-ahorrar-sin-perder-calidad\/\" title=\"Reformar en enero: c\u00f3mo ahorrar en la obra sin perder calidad (gu\u00eda completa)\">Reformar en enero: c\u00f3mo ahorrar en la obra sin perder calidad (gu\u00eda completa)<\/a><\/h2><\/header><div class=\"eael-entry-content\">\n                        <div class=\"eael-grid-post-excerpt\"><p>Reformar en enero: c\u00f3mo ahorrar sin perder calidad y arrancar...<\/p><a href=\"https:\/\/tws-empreendimentos.com.br\/es\/reformar-en-enero-ahorrar-sin-perder-calidad\/\" class=\"eael-post-elements-readmore-btn\">Leia mais<\/a><\/div>\n                    <\/div><\/div><\/div>\n        <\/div>\n    <\/article><article class=\"eael-grid-post  eael-post-grid-column eael-pg-post-25767 category-sin-categorizar\" data-id=\"25767\">\n        <div class=\"eael-grid-post-holder\">\n            <div class=\"eael-grid-post-holder-inner\"><div class=\"eael-entry-media\"><div class=\"eael-entry-overlay fade-in\"><i class=\"fas fa-long-arrow-alt-right\" aria-hidden=\"true\"><\/i><a href=\"https:\/\/tws-empreendimentos.com.br\/es\/tendencias-inmuebles-joao-pessoa-2026\/\"><\/a><\/div><div class=\"eael-entry-thumbnail \">\n                <img decoding=\"async\" width=\"300\" height=\"180\" src=\"https:\/\/tws-empreendimentos.com.br\/wp-content\/uploads\/2025\/12\/Tendencias-de-imoveis-em-Joao-Pessoa-para-2026-300x180.jpg\" class=\"attachment-medium size-medium wp-image-25749\" alt=\"Tend\u00eancias de im\u00f3veis em Jo\u00e3o Pessoa para 2026\" srcset=\"https:\/\/tws-empreendimentos.com.br\/wp-content\/uploads\/2025\/12\/Tendencias-de-imoveis-em-Joao-Pessoa-para-2026-300x180.jpg 300w, https:\/\/tws-empreendimentos.com.br\/wp-content\/uploads\/2025\/12\/Tendencias-de-imoveis-em-Joao-Pessoa-para-2026-768x461.jpg 768w, https:\/\/tws-empreendimentos.com.br\/wp-content\/uploads\/2025\/12\/Tendencias-de-imoveis-em-Joao-Pessoa-para-2026.jpg 1025w\" sizes=\"(max-width: 300px) 100vw, 300px\" \/>\n            <\/div>\n        <\/div><div class=\"eael-entry-wrapper\"><header class=\"eael-entry-header\"><h2 class=\"eael-entry-title\"><a class=\"eael-grid-post-link\" href=\"https:\/\/tws-empreendimentos.com.br\/es\/tendencias-inmuebles-joao-pessoa-2026\/\" title=\"Tendencias inmobiliarias en Jo\u00e3o Pessoa 2026: qu\u00e9 se va a valorar m\u00e1s (y por qu\u00e9)\">Tendencias inmobiliarias en Jo\u00e3o Pessoa 2026: qu\u00e9 se va a valorar m\u00e1s (y por qu\u00e9)<\/a><\/h2><\/header><div class=\"eael-entry-content\">\n                        <div class=\"eael-grid-post-excerpt\"><p>Las tendencias de inmuebles en Jo\u00e3o Pessoa para 2026 no...<\/p><a href=\"https:\/\/tws-empreendimentos.com.br\/es\/tendencias-inmuebles-joao-pessoa-2026\/\" class=\"eael-post-elements-readmore-btn\">Leia mais<\/a><\/div>\n                    <\/div><\/div><\/div>\n        <\/div>\n    <\/article><article class=\"eael-grid-post  eael-post-grid-column eael-pg-post-25768 category-noticias-es\" data-id=\"25768\">\n        <div class=\"eael-grid-post-holder\">\n            <div class=\"eael-grid-post-holder-inner\"><div class=\"eael-entry-media\"><div class=\"eael-entry-overlay fade-in\"><i class=\"fas fa-long-arrow-alt-right\" aria-hidden=\"true\"><\/i><a href=\"https:\/\/tws-empreendimentos.com.br\/es\/comprar-un-inmueble-en-2026-preguntas-clave\/\"><\/a><\/div><div class=\"eael-entry-thumbnail \">\n                <img decoding=\"async\" width=\"300\" height=\"180\" src=\"https:\/\/tws-empreendimentos.com.br\/wp-content\/uploads\/2025\/12\/comprar-imovel-em-2026-300x180.jpg\" class=\"attachment-medium size-medium wp-image-25744\" alt=\"comprar im\u00f3vel em 2026\" srcset=\"https:\/\/tws-empreendimentos.com.br\/wp-content\/uploads\/2025\/12\/comprar-imovel-em-2026-300x180.jpg 300w, https:\/\/tws-empreendimentos.com.br\/wp-content\/uploads\/2025\/12\/comprar-imovel-em-2026-768x461.jpg 768w, https:\/\/tws-empreendimentos.com.br\/wp-content\/uploads\/2025\/12\/comprar-imovel-em-2026.jpg 1025w\" sizes=\"(max-width: 300px) 100vw, 300px\" \/>\n            <\/div>\n        <\/div><div class=\"eael-entry-wrapper\"><header class=\"eael-entry-header\"><h2 class=\"eael-entry-title\"><a class=\"eael-grid-post-link\" href=\"https:\/\/tws-empreendimentos.com.br\/es\/comprar-un-inmueble-en-2026-preguntas-clave\/\" title=\"Comprar un inmueble en 2026: preguntas clave antes de firmar y evitar sorpresas\">Comprar un inmueble en 2026: preguntas clave antes de firmar y evitar sorpresas<\/a><\/h2><\/header><div class=\"eael-entry-content\">\n                        <div class=\"eael-grid-post-excerpt\"><p>Comprar un inmueble en 2026 sigue siendo una de las...<\/p><a href=\"https:\/\/tws-empreendimentos.com.br\/es\/comprar-un-inmueble-en-2026-preguntas-clave\/\" class=\"eael-post-elements-readmore-btn\">Leia mais<\/a><\/div>\n                    <\/div><\/div><\/div>\n        <\/div>\n    <\/article><article class=\"eael-grid-post  eael-post-grid-column eael-pg-post-25769 category-noticias-es\" data-id=\"25769\">\n        <div class=\"eael-grid-post-holder\">\n            <div class=\"eael-grid-post-holder-inner\"><div class=\"eael-entry-media\"><div class=\"eael-entry-overlay fade-in\"><i class=\"fas fa-long-arrow-alt-right\" aria-hidden=\"true\"><\/i><a href=\"https:\/\/tws-empreendimentos.com.br\/es\/maresia-joao-pessoa-proteger-fachada-2026\/\"><\/a><\/div><div class=\"eael-entry-thumbnail \">\n                <img loading=\"lazy\" decoding=\"async\" width=\"300\" height=\"180\" src=\"https:\/\/tws-empreendimentos.com.br\/wp-content\/uploads\/2025\/12\/Maresia-em-Joao-Pessoa-300x180.jpg\" class=\"attachment-medium size-medium wp-image-25739\" alt=\"Maresia em Jo\u00e3o Pessoa\" srcset=\"https:\/\/tws-empreendimentos.com.br\/wp-content\/uploads\/2025\/12\/Maresia-em-Joao-Pessoa-300x180.jpg 300w, https:\/\/tws-empreendimentos.com.br\/wp-content\/uploads\/2025\/12\/Maresia-em-Joao-Pessoa-768x461.jpg 768w, https:\/\/tws-empreendimentos.com.br\/wp-content\/uploads\/2025\/12\/Maresia-em-Joao-Pessoa.jpg 1025w\" sizes=\"(max-width: 300px) 100vw, 300px\" \/>\n            <\/div>\n        <\/div><div class=\"eael-entry-wrapper\"><header class=\"eael-entry-header\"><h2 class=\"eael-entry-title\"><a class=\"eael-grid-post-link\" href=\"https:\/\/tws-empreendimentos.com.br\/es\/maresia-joao-pessoa-proteger-fachada-2026\/\" title=\"Mares\u00eda en Jo\u00e3o Pessoa: errores que arruinan la fachada y c\u00f3mo protegerla en 2026\">Mares\u00eda en Jo\u00e3o Pessoa: errores que arruinan la fachada y c\u00f3mo protegerla en 2026<\/a><\/h2><\/header><div class=\"eael-entry-content\">\n                        <div class=\"eael-grid-post-excerpt\"><p>Mares\u00eda en Jo\u00e3o Pessoa no es un detalle: act\u00faa despacio,...<\/p><a href=\"https:\/\/tws-empreendimentos.com.br\/es\/maresia-joao-pessoa-proteger-fachada-2026\/\" class=\"eael-post-elements-readmore-btn\">Leia mais<\/a><\/div>\n                    <\/div><\/div><\/div>\n        <\/div>\n    <\/article><article class=\"eael-grid-post  eael-post-grid-column eael-pg-post-25770 category-noticias-es\" data-id=\"25770\">\n        <div class=\"eael-grid-post-holder\">\n            <div class=\"eael-grid-post-holder-inner\"><div class=\"eael-entry-media\"><div class=\"eael-entry-overlay fade-in\"><i class=\"fas fa-long-arrow-alt-right\" aria-hidden=\"true\"><\/i><a href=\"https:\/\/tws-empreendimentos.com.br\/es\/checklist-fin-de-ano-hogar-revisiones-antes-de-enero\/\"><\/a><\/div><div class=\"eael-entry-thumbnail \">\n                <img loading=\"lazy\" decoding=\"async\" width=\"300\" height=\"180\" src=\"https:\/\/tws-empreendimentos.com.br\/wp-content\/uploads\/2025\/12\/Checklist-de-fim-de-ano-300x180.jpg\" class=\"attachment-medium size-medium wp-image-25734\" alt=\"Checklist de fim de ano\" srcset=\"https:\/\/tws-empreendimentos.com.br\/wp-content\/uploads\/2025\/12\/Checklist-de-fim-de-ano-300x180.jpg 300w, https:\/\/tws-empreendimentos.com.br\/wp-content\/uploads\/2025\/12\/Checklist-de-fim-de-ano-768x461.jpg 768w, https:\/\/tws-empreendimentos.com.br\/wp-content\/uploads\/2025\/12\/Checklist-de-fim-de-ano.jpg 1025w\" sizes=\"(max-width: 300px) 100vw, 300px\" \/>\n            <\/div>\n        <\/div><div class=\"eael-entry-wrapper\"><header class=\"eael-entry-header\"><h2 class=\"eael-entry-title\"><a class=\"eael-grid-post-link\" href=\"https:\/\/tws-empreendimentos.com.br\/es\/checklist-fin-de-ano-hogar-revisiones-antes-de-enero\/\" title=\"Checklist de fin de a\u00f1o para tu hogar: revisiones r\u00e1pidas antes de enero y sin sorpresas (2026)\">Checklist de fin de a\u00f1o para tu hogar: revisiones r\u00e1pidas antes de enero y sin sorpresas (2026)<\/a><\/h2><\/header><div class=\"eael-entry-content\">\n                        <div class=\"eael-grid-post-excerpt\"><p>Checklist de fin de a\u00f1o no es exageraci\u00f3n: es ahorro...<\/p><a href=\"https:\/\/tws-empreendimentos.com.br\/es\/checklist-fin-de-ano-hogar-revisiones-antes-de-enero\/\" class=\"eael-post-elements-readmore-btn\">Leia mais<\/a><\/div>\n                    <\/div><\/div><\/div>\n        <\/div>\n    <\/article><article class=\"eael-grid-post  eael-post-grid-column eael-pg-post-25771 category-sin-categorizar\" data-id=\"25771\">\n        <div class=\"eael-grid-post-holder\">\n            <div class=\"eael-grid-post-holder-inner\"><div class=\"eael-entry-media\"><div class=\"eael-entry-overlay fade-in\"><i class=\"fas fa-long-arrow-alt-right\" aria-hidden=\"true\"><\/i><a href=\"https:\/\/tws-empreendimentos.com.br\/es\/altiplano-cabo-branco-manaira-mejor-barrio-joao-pessoa-2026\/\"><\/a><\/div><div class=\"eael-entry-thumbnail \">\n                <img loading=\"lazy\" decoding=\"async\" width=\"300\" height=\"180\" src=\"https:\/\/tws-empreendimentos.com.br\/wp-content\/uploads\/2025\/12\/Altiplano-Cabo-Branco-ou-Manaira-300x180.jpg\" class=\"attachment-medium size-medium wp-image-25729\" alt=\"Altiplano, Cabo Branco ou Mana\u00edra\" srcset=\"https:\/\/tws-empreendimentos.com.br\/wp-content\/uploads\/2025\/12\/Altiplano-Cabo-Branco-ou-Manaira-300x180.jpg 300w, https:\/\/tws-empreendimentos.com.br\/wp-content\/uploads\/2025\/12\/Altiplano-Cabo-Branco-ou-Manaira-768x461.jpg 768w, https:\/\/tws-empreendimentos.com.br\/wp-content\/uploads\/2025\/12\/Altiplano-Cabo-Branco-ou-Manaira.jpg 1025w\" sizes=\"(max-width: 300px) 100vw, 300px\" \/>\n            <\/div>\n        <\/div><div class=\"eael-entry-wrapper\"><header class=\"eael-entry-header\"><h2 class=\"eael-entry-title\"><a class=\"eael-grid-post-link\" href=\"https:\/\/tws-empreendimentos.com.br\/es\/altiplano-cabo-branco-manaira-mejor-barrio-joao-pessoa-2026\/\" title=\"Altiplano vs Cabo Branco vs Mana\u00edra: \u00bfqu\u00e9 barrio conviene m\u00e1s para vivir en Jo\u00e3o Pessoa en 2026?\">Altiplano vs Cabo Branco vs Mana\u00edra: \u00bfqu\u00e9 barrio conviene m\u00e1s para vivir en Jo\u00e3o Pessoa en 2026?<\/a><\/h2><\/header><div class=\"eael-entry-content\">\n                        <div class=\"eael-grid-post-excerpt\"><p>Altiplano, Cabo Branco y Mana\u00edra est\u00e1n entre los nombres m\u00e1s...<\/p><a href=\"https:\/\/tws-empreendimentos.com.br\/es\/altiplano-cabo-branco-manaira-mejor-barrio-joao-pessoa-2026\/\" class=\"eael-post-elements-readmore-btn\">Leia mais<\/a><\/div>\n                    <\/div><\/div><\/div>\n        <\/div>\n    <\/article><article class=\"eael-grid-post  eael-post-grid-column eael-pg-post-25772 category-sin-categorizar\" data-id=\"25772\">\n        <div class=\"eael-grid-post-holder\">\n            <div class=\"eael-grid-post-holder-inner\"><div class=\"eael-entry-media\"><div class=\"eael-entry-overlay fade-in\"><i class=\"fas fa-long-arrow-alt-right\" aria-hidden=\"true\"><\/i><a href=\"https:\/\/tws-empreendimentos.com.br\/es\/barrio-valorizando-joao-pessoa-senales-12-meses\/\"><\/a><\/div><div class=\"eael-entry-thumbnail \">\n                <img loading=\"lazy\" decoding=\"async\" width=\"300\" height=\"180\" src=\"https:\/\/tws-empreendimentos.com.br\/wp-content\/uploads\/2025\/12\/7-sinais-de-que-um-bairro-em-Joao-Pessoa-vai-valorizar-nos-proximos-12-meses-300x180.jpg\" class=\"attachment-medium size-medium wp-image-25724\" alt=\"7 sinais de que um bairro em Jo\u00e3o Pessoa vai valorizar nos pr\u00f3ximos 12 meses\" srcset=\"https:\/\/tws-empreendimentos.com.br\/wp-content\/uploads\/2025\/12\/7-sinais-de-que-um-bairro-em-Joao-Pessoa-vai-valorizar-nos-proximos-12-meses-300x180.jpg 300w, https:\/\/tws-empreendimentos.com.br\/wp-content\/uploads\/2025\/12\/7-sinais-de-que-um-bairro-em-Joao-Pessoa-vai-valorizar-nos-proximos-12-meses-768x461.jpg 768w, https:\/\/tws-empreendimentos.com.br\/wp-content\/uploads\/2025\/12\/7-sinais-de-que-um-bairro-em-Joao-Pessoa-vai-valorizar-nos-proximos-12-meses.jpg 1025w\" sizes=\"(max-width: 300px) 100vw, 300px\" \/>\n            <\/div>\n        <\/div><div class=\"eael-entry-wrapper\"><header class=\"eael-entry-header\"><h2 class=\"eael-entry-title\"><a class=\"eael-grid-post-link\" href=\"https:\/\/tws-empreendimentos.com.br\/es\/barrio-valorizando-joao-pessoa-senales-12-meses\/\" title=\"Barrio en alza en Jo\u00e3o Pessoa: se\u00f1ales reales para saber si va a valorizar en los pr\u00f3ximos 12 meses\">Barrio en alza en Jo\u00e3o Pessoa: se\u00f1ales reales para saber si va a valorizar en los pr\u00f3ximos 12 meses<\/a><\/h2><\/header><div class=\"eael-entry-content\">\n                        <div class=\"eael-grid-post-excerpt\"><p>Un barrio que valoriza no es magia: es patr\u00f3n. Y,...<\/p><a href=\"https:\/\/tws-empreendimentos.com.br\/es\/barrio-valorizando-joao-pessoa-senales-12-meses\/\" class=\"eael-post-elements-readmore-btn\">Leia mais<\/a><\/div>\n                    <\/div><\/div><\/div>\n        <\/div>\n    <\/article><article class=\"eael-grid-post  eael-post-grid-column eael-pg-post-25773 category-noticias-es\" data-id=\"25773\">\n        <div class=\"eael-grid-post-holder\">\n            <div class=\"eael-grid-post-holder-inner\"><div class=\"eael-entry-media\"><div class=\"eael-entry-overlay fade-in\"><i class=\"fas fa-long-arrow-alt-right\" aria-hidden=\"true\"><\/i><a href=\"https:\/\/tws-empreendimentos.com.br\/es\/morar-en-joao-pessoa-2026-guia-verano-barrios\/\"><\/a><\/div><div class=\"eael-entry-thumbnail \">\n                <img loading=\"lazy\" decoding=\"async\" width=\"300\" height=\"180\" src=\"https:\/\/tws-empreendimentos.com.br\/wp-content\/uploads\/2025\/12\/Joao-Pessoa-no-Verao-2026-300x180.jpg\" class=\"attachment-medium size-medium wp-image-25719\" alt=\"Jo\u00e3o Pessoa no Ver\u00e3o 2026\" srcset=\"https:\/\/tws-empreendimentos.com.br\/wp-content\/uploads\/2025\/12\/Joao-Pessoa-no-Verao-2026-300x180.jpg 300w, https:\/\/tws-empreendimentos.com.br\/wp-content\/uploads\/2025\/12\/Joao-Pessoa-no-Verao-2026-768x461.jpg 768w, https:\/\/tws-empreendimentos.com.br\/wp-content\/uploads\/2025\/12\/Joao-Pessoa-no-Verao-2026.jpg 1025w\" sizes=\"(max-width: 300px) 100vw, 300px\" \/>\n            <\/div>\n        <\/div><div class=\"eael-entry-wrapper\"><header class=\"eael-entry-header\"><h2 class=\"eael-entry-title\"><a class=\"eael-grid-post-link\" href=\"https:\/\/tws-empreendimentos.com.br\/es\/morar-en-joao-pessoa-2026-guia-verano-barrios\/\" title=\"Morar en Jo\u00e3o Pessoa en 2026: gu\u00eda real para elegir barrio, evitar errores y empezar el a\u00f1o con calidad de vida\">Morar en Jo\u00e3o Pessoa en 2026: gu\u00eda real para elegir barrio, evitar errores y empezar el a\u00f1o con calidad de vida<\/a><\/h2><\/header><div class=\"eael-entry-content\">\n                        <div class=\"eael-grid-post-excerpt\"><p>Morar en Jo\u00e3o Pessoa se volvi\u00f3 un plan concreto para...<\/p><a href=\"https:\/\/tws-empreendimentos.com.br\/es\/morar-en-joao-pessoa-2026-guia-verano-barrios\/\" class=\"eael-post-elements-readmore-btn\">Leia mais<\/a><\/div>\n                    <\/div><\/div><\/div>\n        <\/div>\n    <\/article><article class=\"eael-grid-post  eael-post-grid-column eael-pg-post-25416 category-noticias-es\" data-id=\"25416\">\n        <div class=\"eael-grid-post-holder\">\n            <div class=\"eael-grid-post-holder-inner\"><div class=\"eael-entry-media\"><div class=\"eael-entry-overlay fade-in\"><i class=\"fas fa-long-arrow-alt-right\" aria-hidden=\"true\"><\/i><a href=\"https:\/\/tws-empreendimentos.com.br\/es\/tws-brasil-sostenibilidad-cop30\/\"><\/a><\/div><div class=\"eael-entry-thumbnail \">\n                <img loading=\"lazy\" decoding=\"async\" width=\"225\" height=\"300\" src=\"https:\/\/tws-empreendimentos.com.br\/wp-content\/uploads\/2025\/09\/WhatsApp-Image-2025-09-15-at-10.32.41-225x300.jpeg\" class=\"attachment-medium size-medium wp-image-25413\" alt=\"TWS Brasil sustentabilidade COP 30\" srcset=\"https:\/\/tws-empreendimentos.com.br\/wp-content\/uploads\/2025\/09\/WhatsApp-Image-2025-09-15-at-10.32.41-225x300.jpeg 225w, https:\/\/tws-empreendimentos.com.br\/wp-content\/uploads\/2025\/09\/WhatsApp-Image-2025-09-15-at-10.32.41-768x1024.jpeg 768w, https:\/\/tws-empreendimentos.com.br\/wp-content\/uploads\/2025\/09\/WhatsApp-Image-2025-09-15-at-10.32.41-1152x1536.jpeg 1152w, https:\/\/tws-empreendimentos.com.br\/wp-content\/uploads\/2025\/09\/WhatsApp-Image-2025-09-15-at-10.32.41-1536x2048.jpeg 1536w, https:\/\/tws-empreendimentos.com.br\/wp-content\/uploads\/2025\/09\/WhatsApp-Image-2025-09-15-at-10.32.41-scaled.jpeg 1920w\" sizes=\"(max-width: 225px) 100vw, 225px\" \/>\n            <\/div>\n        <\/div><div class=\"eael-entry-wrapper\"><header class=\"eael-entry-header\"><h2 class=\"eael-entry-title\"><a class=\"eael-grid-post-link\" href=\"https:\/\/tws-empreendimentos.com.br\/es\/tws-brasil-sostenibilidad-cop30\/\" title=\"TWS Brasil fortalece lazos con Suiza en un encuentro estrat\u00e9gico sobre sostenibilidad y la COP 30\">TWS Brasil fortalece lazos con Suiza en un encuentro estrat\u00e9gico sobre sostenibilidad y la COP 30<\/a><\/h2><\/header><div class=\"eael-entry-content\">\n                        <div class=\"eael-grid-post-excerpt\"><p>El tema de la sostenibilidad ocupa cada vez m\u00e1s espacio...<\/p><a href=\"https:\/\/tws-empreendimentos.com.br\/es\/tws-brasil-sostenibilidad-cop30\/\" class=\"eael-post-elements-readmore-btn\">Leia mais<\/a><\/div>\n                    <\/div><\/div><\/div>\n        <\/div>\n    <\/article><article class=\"eael-grid-post  eael-post-grid-column eael-pg-post-25774 category-noticias-es\" data-id=\"25774\">\n        <div class=\"eael-grid-post-holder\">\n            <div class=\"eael-grid-post-holder-inner\"><div class=\"eael-entry-media\"><div class=\"eael-entry-overlay fade-in\"><i class=\"fas fa-long-arrow-alt-right\" aria-hidden=\"true\"><\/i><a href=\"https:\/\/tws-empreendimentos.com.br\/es\/data-nacional-de-suiza-en-brasil-grupo-tws-brasilia\/\"><\/a><\/div><div class=\"eael-entry-thumbnail \">\n                <img loading=\"lazy\" decoding=\"async\" width=\"300\" height=\"180\" src=\"https:\/\/tws-empreendimentos.com.br\/wp-content\/uploads\/2025\/07\/Grupo-TWS-participa-da-celebracao-da-Data-Nacional-da-Suica-em-Brasilia-300x180.jpg\" class=\"attachment-medium size-medium wp-image-25792\" alt=\"Grupo TWS participa da celebra\u00e7\u00e3o da Data Nacional da Su\u00ed\u00e7a em Bras\u00edlia\" srcset=\"https:\/\/tws-empreendimentos.com.br\/wp-content\/uploads\/2025\/07\/Grupo-TWS-participa-da-celebracao-da-Data-Nacional-da-Suica-em-Brasilia-300x180.jpg 300w, https:\/\/tws-empreendimentos.com.br\/wp-content\/uploads\/2025\/07\/Grupo-TWS-participa-da-celebracao-da-Data-Nacional-da-Suica-em-Brasilia.jpg 500w\" sizes=\"(max-width: 300px) 100vw, 300px\" \/>\n            <\/div>\n        <\/div><div class=\"eael-entry-wrapper\"><header class=\"eael-entry-header\"><h2 class=\"eael-entry-title\"><a class=\"eael-grid-post-link\" href=\"https:\/\/tws-empreendimentos.com.br\/es\/data-nacional-de-suiza-en-brasil-grupo-tws-brasilia\/\" title=\"Data Nacional de Suiza en Brasil: el Grupo TWS fortalece v\u00ednculos estrat\u00e9gicos en la celebraci\u00f3n de Brasilia\">Data Nacional de Suiza en Brasil: el Grupo TWS fortalece v\u00ednculos estrat\u00e9gicos en la celebraci\u00f3n de Brasilia<\/a><\/h2><\/header><div class=\"eael-entry-content\">\n                        <div class=\"eael-grid-post-excerpt\"><p>La Data Nacional de Suiza no es un acto protocolar...<\/p><a href=\"https:\/\/tws-empreendimentos.com.br\/es\/data-nacional-de-suiza-en-brasil-grupo-tws-brasilia\/\" class=\"eael-post-elements-readmore-btn\">Leia mais<\/a><\/div>\n                    <\/div><\/div><\/div>\n        <\/div>\n    <\/article><article class=\"eael-grid-post  eael-post-grid-column eael-pg-post-25775 category-sin-categorizar\" data-id=\"25775\">\n        <div class=\"eael-grid-post-holder\">\n            <div class=\"eael-grid-post-holder-inner\"><div class=\"eael-entry-media\"><div class=\"eael-entry-overlay fade-in\"><i class=\"fas fa-long-arrow-alt-right\" aria-hidden=\"true\"><\/i><a href=\"https:\/\/tws-empreendimentos.com.br\/es\/barrio-castelo-branco-joao-pessoa-calidad-de-vida-2026\/\"><\/a><\/div><div class=\"eael-entry-thumbnail \">\n                <img loading=\"lazy\" decoding=\"async\" width=\"300\" height=\"180\" src=\"https:\/\/tws-empreendimentos.com.br\/wp-content\/uploads\/2025\/03\/Castelo-Branco-Natureza-e-Qualidade-de-Vida-em-Joao-Pessoa-300x180.jpg\" class=\"attachment-medium size-medium wp-image-17455\" alt=\"Castelo Branco Natureza e Qualidade de Vida em Jo\u00e3o Pessoa\" srcset=\"https:\/\/tws-empreendimentos.com.br\/wp-content\/uploads\/2025\/03\/Castelo-Branco-Natureza-e-Qualidade-de-Vida-em-Joao-Pessoa-300x180.jpg 300w, https:\/\/tws-empreendimentos.com.br\/wp-content\/uploads\/2025\/03\/Castelo-Branco-Natureza-e-Qualidade-de-Vida-em-Joao-Pessoa-768x461.jpg 768w, https:\/\/tws-empreendimentos.com.br\/wp-content\/uploads\/2025\/03\/Castelo-Branco-Natureza-e-Qualidade-de-Vida-em-Joao-Pessoa.jpg 1000w\" sizes=\"(max-width: 300px) 100vw, 300px\" \/>\n            <\/div>\n        <\/div><div class=\"eael-entry-wrapper\"><header class=\"eael-entry-header\"><h2 class=\"eael-entry-title\"><a class=\"eael-grid-post-link\" href=\"https:\/\/tws-empreendimentos.com.br\/es\/barrio-castelo-branco-joao-pessoa-calidad-de-vida-2026\/\" title=\"Barrio Castelo Branco en Jo\u00e3o Pessoa: por qu\u00e9 atrae a familias e inversores de cara a 2026\">Barrio Castelo Branco en Jo\u00e3o Pessoa: por qu\u00e9 atrae a familias e inversores de cara a 2026<\/a><\/h2><\/header><div class=\"eael-entry-content\">\n                        <div class=\"eael-grid-post-excerpt\"><p>Vivir en el barrio Castelo Branco, en Jo\u00e3o Pessoa, es...<\/p><a href=\"https:\/\/tws-empreendimentos.com.br\/es\/barrio-castelo-branco-joao-pessoa-calidad-de-vida-2026\/\" class=\"eael-post-elements-readmore-btn\">Leia mais<\/a><\/div>\n                    <\/div><\/div><\/div>\n        <\/div>\n    <\/article><article class=\"eael-grid-post  eael-post-grid-column eael-pg-post-25795 category-sin-categorizar\" data-id=\"25795\">\n        <div class=\"eael-grid-post-holder\">\n            <div class=\"eael-grid-post-holder-inner\"><div class=\"eael-entry-media\"><div class=\"eael-entry-overlay fade-in\"><i class=\"fas fa-long-arrow-alt-right\" aria-hidden=\"true\"><\/i><a href=\"https:\/\/tws-empreendimentos.com.br\/es\/vivir-barrio-ernesto-geisel-joao-pessoa-2026\/\"><\/a><\/div><div class=\"eael-entry-thumbnail \">\n                <img loading=\"lazy\" decoding=\"async\" width=\"300\" height=\"180\" src=\"https:\/\/tws-empreendimentos.com.br\/wp-content\/uploads\/2025\/03\/Ernesto-Geisel-Desenvolvimento-Imobiliario-em-Joao-Pessoa-300x180.jpg\" class=\"attachment-medium size-medium wp-image-17459\" alt=\"Ernesto Geisel Desenvolvimento Imobili\u00e1rio em Jo\u00e3o Pessoa\" srcset=\"https:\/\/tws-empreendimentos.com.br\/wp-content\/uploads\/2025\/03\/Ernesto-Geisel-Desenvolvimento-Imobiliario-em-Joao-Pessoa-300x180.jpg 300w, https:\/\/tws-empreendimentos.com.br\/wp-content\/uploads\/2025\/03\/Ernesto-Geisel-Desenvolvimento-Imobiliario-em-Joao-Pessoa-768x461.jpg 768w, https:\/\/tws-empreendimentos.com.br\/wp-content\/uploads\/2025\/03\/Ernesto-Geisel-Desenvolvimento-Imobiliario-em-Joao-Pessoa.jpg 1000w\" sizes=\"(max-width: 300px) 100vw, 300px\" \/>\n            <\/div>\n        <\/div><div class=\"eael-entry-wrapper\"><header class=\"eael-entry-header\"><h2 class=\"eael-entry-title\"><a class=\"eael-grid-post-link\" href=\"https:\/\/tws-empreendimentos.com.br\/es\/vivir-barrio-ernesto-geisel-joao-pessoa-2026\/\" title=\"Barrio Ernesto Geisel en Jo\u00e3o Pessoa: c\u00f3mo es vivir, servicios y valorizaci\u00f3n inmobiliaria para 2026\">Barrio Ernesto Geisel en Jo\u00e3o Pessoa: c\u00f3mo es vivir, servicios y valorizaci\u00f3n inmobiliaria para 2026<\/a><\/h2><\/header><div class=\"eael-entry-content\">\n                        <div class=\"eael-grid-post-excerpt\"><p>Vivir en el barrio Ernesto Geisel, en Jo\u00e3o Pessoa, Para\u00edba,...<\/p><a href=\"https:\/\/tws-empreendimentos.com.br\/es\/vivir-barrio-ernesto-geisel-joao-pessoa-2026\/\" class=\"eael-post-elements-readmore-btn\">Leia mais<\/a><\/div>\n                    <\/div><\/div><\/div>\n        <\/div>\n    <\/article><article class=\"eael-grid-post  eael-post-grid-column eael-pg-post-25777 category-sin-categorizar\" data-id=\"25777\">\n        <div class=\"eael-grid-post-holder\">\n            <div class=\"eael-grid-post-holder-inner\"><div class=\"eael-entry-media\"><div class=\"eael-entry-overlay fade-in\"><i class=\"fas fa-long-arrow-alt-right\" aria-hidden=\"true\"><\/i><a href=\"https:\/\/tws-empreendimentos.com.br\/es\/valentina-figueiredo-joao-pessoa-zona-sul-2026\/\"><\/a><\/div><div class=\"eael-entry-thumbnail \">\n                <img loading=\"lazy\" decoding=\"async\" width=\"300\" height=\"180\" src=\"https:\/\/tws-empreendimentos.com.br\/wp-content\/uploads\/2025\/03\/Valentina-Figueiredo-Expansao-e-Crescimento-na-Zona-Sul-de-Joao-Pessoa-300x180.jpg\" class=\"attachment-medium size-medium wp-image-17463\" alt=\"Valentina Figueiredo Expans\u00e3o e Crescimento na Zona Sul de Jo\u00e3o Pessoa\" srcset=\"https:\/\/tws-empreendimentos.com.br\/wp-content\/uploads\/2025\/03\/Valentina-Figueiredo-Expansao-e-Crescimento-na-Zona-Sul-de-Joao-Pessoa-300x180.jpg 300w, https:\/\/tws-empreendimentos.com.br\/wp-content\/uploads\/2025\/03\/Valentina-Figueiredo-Expansao-e-Crescimento-na-Zona-Sul-de-Joao-Pessoa-768x461.jpg 768w, https:\/\/tws-empreendimentos.com.br\/wp-content\/uploads\/2025\/03\/Valentina-Figueiredo-Expansao-e-Crescimento-na-Zona-Sul-de-Joao-Pessoa.jpg 1000w\" sizes=\"(max-width: 300px) 100vw, 300px\" \/>\n            <\/div>\n        <\/div><div class=\"eael-entry-wrapper\"><header class=\"eael-entry-header\"><h2 class=\"eael-entry-title\"><a class=\"eael-grid-post-link\" href=\"https:\/\/tws-empreendimentos.com.br\/es\/valentina-figueiredo-joao-pessoa-zona-sul-2026\/\" title=\"Valentina Figueiredo en Jo\u00e3o Pessoa: c\u00f3mo es vivir en el barrio que m\u00e1s crece en la Zona Sur en 2026\">Valentina Figueiredo en Jo\u00e3o Pessoa: c\u00f3mo es vivir en el barrio que m\u00e1s crece en la Zona Sur en 2026<\/a><\/h2><\/header><div class=\"eael-entry-content\">\n                        <div class=\"eael-grid-post-excerpt\"><p>Valentina Figueiredo, en la Zona Sur de Jo\u00e3o Pessoa, dej\u00f3...<\/p><a href=\"https:\/\/tws-empreendimentos.com.br\/es\/valentina-figueiredo-joao-pessoa-zona-sul-2026\/\" class=\"eael-post-elements-readmore-btn\">Leia mais<\/a><\/div>\n                    <\/div><\/div><\/div>\n        <\/div>\n    <\/article><article class=\"eael-grid-post  eael-post-grid-column eael-pg-post-25778 category-sin-categorizar\" data-id=\"25778\">\n        <div class=\"eael-grid-post-holder\">\n            <div class=\"eael-grid-post-holder-inner\"><div class=\"eael-entry-media\"><div class=\"eael-entry-overlay fade-in\"><i class=\"fas fa-long-arrow-alt-right\" aria-hidden=\"true\"><\/i><a href=\"https:\/\/tws-empreendimentos.com.br\/es\/barrio-bancarios-joao-pessoa-2026-guia-completa\/\"><\/a><\/div><div class=\"eael-entry-thumbnail \">\n                <img loading=\"lazy\" decoding=\"async\" width=\"300\" height=\"180\" src=\"https:\/\/tws-empreendimentos.com.br\/wp-content\/uploads\/2025\/03\/Bancarios-Um-Bairro-Universitario-com-Estilo-e-Praticidade-em-Joao-Pessoa-300x180.jpg\" class=\"attachment-medium size-medium wp-image-17467\" alt=\"Banc\u00e1rios Um Bairro Universit\u00e1rio com Estilo e Praticidade em Jo\u00e3o Pessoa\" srcset=\"https:\/\/tws-empreendimentos.com.br\/wp-content\/uploads\/2025\/03\/Bancarios-Um-Bairro-Universitario-com-Estilo-e-Praticidade-em-Joao-Pessoa-300x180.jpg 300w, https:\/\/tws-empreendimentos.com.br\/wp-content\/uploads\/2025\/03\/Bancarios-Um-Bairro-Universitario-com-Estilo-e-Praticidade-em-Joao-Pessoa-768x461.jpg 768w, https:\/\/tws-empreendimentos.com.br\/wp-content\/uploads\/2025\/03\/Bancarios-Um-Bairro-Universitario-com-Estilo-e-Praticidade-em-Joao-Pessoa.jpg 1000w\" sizes=\"(max-width: 300px) 100vw, 300px\" \/>\n            <\/div>\n        <\/div><div class=\"eael-entry-wrapper\"><header class=\"eael-entry-header\"><h2 class=\"eael-entry-title\"><a class=\"eael-grid-post-link\" href=\"https:\/\/tws-empreendimentos.com.br\/es\/barrio-bancarios-joao-pessoa-2026-guia-completa\/\" title=\"Vivir en el barrio Banc\u00e1rios en Jo\u00e3o Pessoa en 2026: gu\u00eda completa (ubicaci\u00f3n, universidades, seguridad y valorizaci\u00f3n)\">Vivir en el barrio Banc\u00e1rios en Jo\u00e3o Pessoa en 2026: gu\u00eda completa (ubicaci\u00f3n, universidades, seguridad y valorizaci\u00f3n)<\/a><\/h2><\/header><div class=\"eael-entry-content\">\n                        <div class=\"eael-grid-post-excerpt\"><p>El barrio Banc\u00e1rios, en Jo\u00e3o Pessoa (Para\u00edba), es uno de...<\/p><a href=\"https:\/\/tws-empreendimentos.com.br\/es\/barrio-bancarios-joao-pessoa-2026-guia-completa\/\" class=\"eael-post-elements-readmore-btn\">Leia mais<\/a><\/div>\n                    <\/div><\/div><\/div>\n        <\/div>\n    <\/article><article class=\"eael-grid-post  eael-post-grid-column eael-pg-post-25779 category-sin-categorizar\" data-id=\"25779\">\n        <div class=\"eael-grid-post-holder\">\n            <div class=\"eael-grid-post-holder-inner\"><div class=\"eael-entry-media\"><div class=\"eael-entry-overlay fade-in\"><i class=\"fas fa-long-arrow-alt-right\" aria-hidden=\"true\"><\/i><a href=\"https:\/\/tws-empreendimentos.com.br\/es\/barrio-jaguaribe-joao-pessoa-calidad-de-vida-inversion-2026\/\"><\/a><\/div><div class=\"eael-entry-thumbnail \">\n                <img loading=\"lazy\" decoding=\"async\" width=\"300\" height=\"180\" src=\"https:\/\/tws-empreendimentos.com.br\/wp-content\/uploads\/2025\/03\/Jaguaribe-Um-Bairro-que-Une-Historia-e-Desenvolvimento-em-Joao-Pessoa-300x180.jpg\" class=\"attachment-medium size-medium wp-image-17471\" alt=\"Jaguaribe Um Bairro que Une Hist\u00f3ria e Desenvolvimento em Jo\u00e3o Pessoa\" srcset=\"https:\/\/tws-empreendimentos.com.br\/wp-content\/uploads\/2025\/03\/Jaguaribe-Um-Bairro-que-Une-Historia-e-Desenvolvimento-em-Joao-Pessoa-300x180.jpg 300w, https:\/\/tws-empreendimentos.com.br\/wp-content\/uploads\/2025\/03\/Jaguaribe-Um-Bairro-que-Une-Historia-e-Desenvolvimento-em-Joao-Pessoa-768x461.jpg 768w, https:\/\/tws-empreendimentos.com.br\/wp-content\/uploads\/2025\/03\/Jaguaribe-Um-Bairro-que-Une-Historia-e-Desenvolvimento-em-Joao-Pessoa.jpg 1000w\" sizes=\"(max-width: 300px) 100vw, 300px\" \/>\n            <\/div>\n        <\/div><div class=\"eael-entry-wrapper\"><header class=\"eael-entry-header\"><h2 class=\"eael-entry-title\"><a class=\"eael-grid-post-link\" href=\"https:\/\/tws-empreendimentos.com.br\/es\/barrio-jaguaribe-joao-pessoa-calidad-de-vida-inversion-2026\/\" title=\"Barrio Jaguaribe en Jo\u00e3o Pessoa: historia, infraestructura y calidad de vida para vivir o invertir en 2026\">Barrio Jaguaribe en Jo\u00e3o Pessoa: historia, infraestructura y calidad de vida para vivir o invertir en 2026<\/a><\/h2><\/header><div class=\"eael-entry-content\">\n                        <div class=\"eael-grid-post-excerpt\"><p>El barrio Jaguaribe, en Jo\u00e3o Pessoa, Para\u00edba, no es solo...<\/p><a href=\"https:\/\/tws-empreendimentos.com.br\/es\/barrio-jaguaribe-joao-pessoa-calidad-de-vida-inversion-2026\/\" class=\"eael-post-elements-readmore-btn\">Leia mais<\/a><\/div>\n                    <\/div><\/div><\/div>\n        <\/div>\n    <\/article><article class=\"eael-grid-post  eael-post-grid-column eael-pg-post-25780 category-sin-categorizar\" data-id=\"25780\">\n        <div class=\"eael-grid-post-holder\">\n            <div class=\"eael-grid-post-holder-inner\"><div class=\"eael-entry-media\"><div class=\"eael-entry-overlay fade-in\"><i class=\"fas fa-long-arrow-alt-right\" aria-hidden=\"true\"><\/i><a href=\"https:\/\/tws-empreendimentos.com.br\/es\/barrio-cristo-redentor-joao-pessoa-2026\/\"><\/a><\/div><div class=\"eael-entry-thumbnail \">\n                <img loading=\"lazy\" decoding=\"async\" width=\"300\" height=\"180\" src=\"https:\/\/tws-empreendimentos.com.br\/wp-content\/uploads\/2025\/03\/Cristo-Redentor-Tradicao-e-Inovacao-no-Crescimento-Urbano-em-Joao-Pessoa-300x180.jpg\" class=\"attachment-medium size-medium wp-image-17475\" alt=\"Cristo Redentor Tradi\u00e7\u00e3o e Inova\u00e7\u00e3o no Crescimento Urbano em Jo\u00e3o Pessoa\" srcset=\"https:\/\/tws-empreendimentos.com.br\/wp-content\/uploads\/2025\/03\/Cristo-Redentor-Tradicao-e-Inovacao-no-Crescimento-Urbano-em-Joao-Pessoa-300x180.jpg 300w, https:\/\/tws-empreendimentos.com.br\/wp-content\/uploads\/2025\/03\/Cristo-Redentor-Tradicao-e-Inovacao-no-Crescimento-Urbano-em-Joao-Pessoa-768x461.jpg 768w, https:\/\/tws-empreendimentos.com.br\/wp-content\/uploads\/2025\/03\/Cristo-Redentor-Tradicao-e-Inovacao-no-Crescimento-Urbano-em-Joao-Pessoa.jpg 1000w\" sizes=\"(max-width: 300px) 100vw, 300px\" \/>\n            <\/div>\n        <\/div><div class=\"eael-entry-wrapper\"><header class=\"eael-entry-header\"><h2 class=\"eael-entry-title\"><a class=\"eael-grid-post-link\" href=\"https:\/\/tws-empreendimentos.com.br\/es\/barrio-cristo-redentor-joao-pessoa-2026\/\" title=\"Barrio Cristo Redentor en Jo\u00e3o Pessoa: c\u00f3mo es vivir all\u00ed en 2026, con calidad de vida y buena ubicaci\u00f3n\">Barrio Cristo Redentor en Jo\u00e3o Pessoa: c\u00f3mo es vivir all\u00ed en 2026, con calidad de vida y buena ubicaci\u00f3n<\/a><\/h2><\/header><div class=\"eael-entry-content\">\n                        <div class=\"eael-grid-post-excerpt\"><p>Vivir en el barrio Cristo Redentor, en Jo\u00e3o Pessoa, Para\u00edba,...<\/p><a href=\"https:\/\/tws-empreendimentos.com.br\/es\/barrio-cristo-redentor-joao-pessoa-2026\/\" class=\"eael-post-elements-readmore-btn\">Leia mais<\/a><\/div>\n                    <\/div><\/div><\/div>\n        <\/div>\n    <\/article><article class=\"eael-grid-post  eael-post-grid-column eael-pg-post-25781 category-sin-categorizar\" data-id=\"25781\">\n        <div class=\"eael-grid-post-holder\">\n            <div class=\"eael-grid-post-holder-inner\"><div class=\"eael-entry-media\"><div class=\"eael-entry-overlay fade-in\"><i class=\"fas fa-long-arrow-alt-right\" aria-hidden=\"true\"><\/i><a href=\"https:\/\/tws-empreendimentos.com.br\/es\/bairro-dos-estados-joao-pessoa-vivir-invertir-2026\/\"><\/a><\/div><div class=\"eael-entry-thumbnail \">\n                <img loading=\"lazy\" decoding=\"async\" width=\"300\" height=\"180\" src=\"https:\/\/tws-empreendimentos.com.br\/wp-content\/uploads\/2025\/03\/Bairro-dos-Estados-Conveniencia-e-Acessibilidade-em-Joao-Pessoa-300x180.jpg\" class=\"attachment-medium size-medium wp-image-17479\" alt=\"Bairro dos Estados Conveni\u00eancia e Acessibilidade em Jo\u00e3o Pessoa\" srcset=\"https:\/\/tws-empreendimentos.com.br\/wp-content\/uploads\/2025\/03\/Bairro-dos-Estados-Conveniencia-e-Acessibilidade-em-Joao-Pessoa-300x180.jpg 300w, https:\/\/tws-empreendimentos.com.br\/wp-content\/uploads\/2025\/03\/Bairro-dos-Estados-Conveniencia-e-Acessibilidade-em-Joao-Pessoa-768x461.jpg 768w, https:\/\/tws-empreendimentos.com.br\/wp-content\/uploads\/2025\/03\/Bairro-dos-Estados-Conveniencia-e-Acessibilidade-em-Joao-Pessoa.jpg 1000w\" sizes=\"(max-width: 300px) 100vw, 300px\" \/>\n            <\/div>\n        <\/div><div class=\"eael-entry-wrapper\"><header class=\"eael-entry-header\"><h2 class=\"eael-entry-title\"><a class=\"eael-grid-post-link\" href=\"https:\/\/tws-empreendimentos.com.br\/es\/bairro-dos-estados-joao-pessoa-vivir-invertir-2026\/\" title=\"Bairro dos Estados en Jo\u00e3o Pessoa: por qu\u00e9 es uno de los barrios m\u00e1s buscados para vivir e invertir en 2026\">Bairro dos Estados en Jo\u00e3o Pessoa: por qu\u00e9 es uno de los barrios m\u00e1s buscados para vivir e invertir en 2026<\/a><\/h2><\/header><div class=\"eael-entry-content\">\n                        <div class=\"eael-grid-post-excerpt\"><p>Bairro dos Estados, en Jo\u00e3o Pessoa (Para\u00edba), es un ejemplo...<\/p><a href=\"https:\/\/tws-empreendimentos.com.br\/es\/bairro-dos-estados-joao-pessoa-vivir-invertir-2026\/\" class=\"eael-post-elements-readmore-btn\">Leia mais<\/a><\/div>\n                    <\/div><\/div><\/div>\n        <\/div>\n    <\/article><article class=\"eael-grid-post  eael-post-grid-column eael-pg-post-25782 category-sin-categorizar\" data-id=\"25782\">\n        <div class=\"eael-grid-post-holder\">\n            <div class=\"eael-grid-post-holder-inner\"><div class=\"eael-entry-media\"><div class=\"eael-entry-overlay fade-in\"><i class=\"fas fa-long-arrow-alt-right\" aria-hidden=\"true\"><\/i><a href=\"https:\/\/tws-empreendimentos.com.br\/es\/barrio-torre-joao-pessoa-2026\/\"><\/a><\/div><div class=\"eael-entry-thumbnail \">\n                <img loading=\"lazy\" decoding=\"async\" width=\"300\" height=\"180\" src=\"https:\/\/tws-empreendimentos.com.br\/wp-content\/uploads\/2025\/03\/Torre-Um-Bairro-Tradicional-com-Um-Toque-Moderno-em-Joao-Pessoa-300x180.jpg\" class=\"attachment-medium size-medium wp-image-17483\" alt=\"Torre Um Bairro Tradicional com Um Toque Moderno em Jo\u00e3o Pessoa\" srcset=\"https:\/\/tws-empreendimentos.com.br\/wp-content\/uploads\/2025\/03\/Torre-Um-Bairro-Tradicional-com-Um-Toque-Moderno-em-Joao-Pessoa-300x180.jpg 300w, https:\/\/tws-empreendimentos.com.br\/wp-content\/uploads\/2025\/03\/Torre-Um-Bairro-Tradicional-com-Um-Toque-Moderno-em-Joao-Pessoa-768x461.jpg 768w, https:\/\/tws-empreendimentos.com.br\/wp-content\/uploads\/2025\/03\/Torre-Um-Bairro-Tradicional-com-Um-Toque-Moderno-em-Joao-Pessoa.jpg 1000w\" sizes=\"(max-width: 300px) 100vw, 300px\" \/>\n            <\/div>\n        <\/div><div class=\"eael-entry-wrapper\"><header class=\"eael-entry-header\"><h2 class=\"eael-entry-title\"><a class=\"eael-grid-post-link\" href=\"https:\/\/tws-empreendimentos.com.br\/es\/barrio-torre-joao-pessoa-2026\/\" title=\"Barrio de la Torre en Jo\u00e3o Pessoa: por qu\u00e9 es una de las zonas m\u00e1s buscadas para vivir e invertir en 2026\">Barrio de la Torre en Jo\u00e3o Pessoa: por qu\u00e9 es una de las zonas m\u00e1s buscadas para vivir e invertir en 2026<\/a><\/h2><\/header><div class=\"eael-entry-content\">\n                        <div class=\"eael-grid-post-excerpt\"><p>El barrio de la Torre, en Jo\u00e3o Pessoa, Para\u00edba, se...<\/p><a href=\"https:\/\/tws-empreendimentos.com.br\/es\/barrio-torre-joao-pessoa-2026\/\" class=\"eael-post-elements-readmore-btn\">Leia mais<\/a><\/div>\n                    <\/div><\/div><\/div>\n        <\/div>\n    <\/article><article class=\"eael-grid-post  eael-post-grid-column eael-pg-post-25783 category-sin-categorizar\" data-id=\"25783\">\n        <div class=\"eael-grid-post-holder\">\n            <div class=\"eael-grid-post-holder-inner\"><div class=\"eael-entry-media\"><div class=\"eael-entry-overlay fade-in\"><i class=\"fas fa-long-arrow-alt-right\" aria-hidden=\"true\"><\/i><a href=\"https:\/\/tws-empreendimentos.com.br\/es\/vivir-en-manaira-joao-pessoa\/\"><\/a><\/div><div class=\"eael-entry-thumbnail \">\n                <img loading=\"lazy\" decoding=\"async\" width=\"300\" height=\"180\" src=\"https:\/\/tws-empreendimentos.com.br\/wp-content\/uploads\/2025\/03\/Manaira-Lazer-Comercio-e-Qualidade-de-Vida-em-um-So-Lugar-300x180.jpg\" class=\"attachment-medium size-medium wp-image-17487\" alt=\"Mana\u00edra: Lazer, Com\u00e9rcio e Qualidade de Vida em um S\u00f3 Lugar\" srcset=\"https:\/\/tws-empreendimentos.com.br\/wp-content\/uploads\/2025\/03\/Manaira-Lazer-Comercio-e-Qualidade-de-Vida-em-um-So-Lugar-300x180.jpg 300w, https:\/\/tws-empreendimentos.com.br\/wp-content\/uploads\/2025\/03\/Manaira-Lazer-Comercio-e-Qualidade-de-Vida-em-um-So-Lugar-768x461.jpg 768w, https:\/\/tws-empreendimentos.com.br\/wp-content\/uploads\/2025\/03\/Manaira-Lazer-Comercio-e-Qualidade-de-Vida-em-um-So-Lugar.jpg 1000w\" sizes=\"(max-width: 300px) 100vw, 300px\" \/>\n            <\/div>\n        <\/div><div class=\"eael-entry-wrapper\"><header class=\"eael-entry-header\"><h2 class=\"eael-entry-title\"><a class=\"eael-grid-post-link\" href=\"https:\/\/tws-empreendimentos.com.br\/es\/vivir-en-manaira-joao-pessoa\/\" title=\"Vivir en Mana\u00edra: por qu\u00e9 este barrio de Jo\u00e3o Pessoa sigue siendo uno de los m\u00e1s valorados\">Vivir en Mana\u00edra: por qu\u00e9 este barrio de Jo\u00e3o Pessoa sigue siendo uno de los m\u00e1s valorados<\/a><\/h2><\/header><div class=\"eael-entry-content\">\n                        <div class=\"eael-grid-post-excerpt\"><p>Mana\u00edra es uno de esos barrios que no necesita presentaci\u00f3n...<\/p><a href=\"https:\/\/tws-empreendimentos.com.br\/es\/vivir-en-manaira-joao-pessoa\/\" class=\"eael-post-elements-readmore-btn\">Leia mais<\/a><\/div>\n                    <\/div><\/div><\/div>\n        <\/div>\n    <\/article><article class=\"eael-grid-post  eael-post-grid-column eael-pg-post-25784 category-sin-categorizar\" data-id=\"25784\">\n        <div class=\"eael-grid-post-holder\">\n            <div class=\"eael-grid-post-holder-inner\"><div class=\"eael-entry-media\"><div class=\"eael-entry-overlay fade-in\"><i class=\"fas fa-long-arrow-alt-right\" aria-hidden=\"true\"><\/i><a href=\"https:\/\/tws-empreendimentos.com.br\/es\/jardin-oceania-joao-pessoa\/\"><\/a><\/div><div class=\"eael-entry-thumbnail \">\n                <img loading=\"lazy\" decoding=\"async\" width=\"300\" height=\"180\" src=\"https:\/\/tws-empreendimentos.com.br\/wp-content\/uploads\/2025\/03\/Jardim-Oceania-Sofisticacao-e-Proximidade-com-a-Praia-em-Joao-Pessoa-300x180.jpg\" class=\"attachment-medium size-medium wp-image-17491\" alt=\"Jardim Oceania Sofistica\u00e7\u00e3o e Proximidade com a Praia em Jo\u00e3o Pessoa\" srcset=\"https:\/\/tws-empreendimentos.com.br\/wp-content\/uploads\/2025\/03\/Jardim-Oceania-Sofisticacao-e-Proximidade-com-a-Praia-em-Joao-Pessoa-300x180.jpg 300w, https:\/\/tws-empreendimentos.com.br\/wp-content\/uploads\/2025\/03\/Jardim-Oceania-Sofisticacao-e-Proximidade-com-a-Praia-em-Joao-Pessoa-768x461.jpg 768w, https:\/\/tws-empreendimentos.com.br\/wp-content\/uploads\/2025\/03\/Jardim-Oceania-Sofisticacao-e-Proximidade-com-a-Praia-em-Joao-Pessoa.jpg 1000w\" sizes=\"(max-width: 300px) 100vw, 300px\" \/>\n            <\/div>\n        <\/div><div class=\"eael-entry-wrapper\"><header class=\"eael-entry-header\"><h2 class=\"eael-entry-title\"><a class=\"eael-grid-post-link\" href=\"https:\/\/tws-empreendimentos.com.br\/es\/jardin-oceania-joao-pessoa\/\" title=\"Jard\u00edn Oceania en Jo\u00e3o Pessoa: c\u00f3mo es vivir cerca del mar en 2026 y por qu\u00e9 el barrio est\u00e1 tan buscado\">Jard\u00edn Oceania en Jo\u00e3o Pessoa: c\u00f3mo es vivir cerca del mar en 2026 y por qu\u00e9 el barrio est\u00e1 tan buscado<\/a><\/h2><\/header><div class=\"eael-entry-content\">\n                        <div class=\"eael-grid-post-excerpt\"><p>Jard\u00edn Oceania dej\u00f3 de ser \u201cuna buena opci\u00f3n\u201d y pas\u00f3...<\/p><a href=\"https:\/\/tws-empreendimentos.com.br\/es\/jardin-oceania-joao-pessoa\/\" class=\"eael-post-elements-readmore-btn\">Leia mais<\/a><\/div>\n                    <\/div><\/div><\/div>\n        <\/div>\n    <\/article><article class=\"eael-grid-post  eael-post-grid-column eael-pg-post-25805 category-sin-categorizar\" data-id=\"25805\">\n        <div class=\"eael-grid-post-holder\">\n            <div class=\"eael-grid-post-holder-inner\"><div class=\"eael-entry-media\"><div class=\"eael-entry-overlay fade-in\"><i class=\"fas fa-long-arrow-alt-right\" aria-hidden=\"true\"><\/i><a href=\"https:\/\/tws-empreendimentos.com.br\/es\/altiplano-joao-pessoa-2026\/\"><\/a><\/div><div class=\"eael-entry-thumbnail \">\n                <img loading=\"lazy\" decoding=\"async\" width=\"300\" height=\"180\" src=\"https:\/\/tws-empreendimentos.com.br\/wp-content\/uploads\/2025\/03\/Altiplano-Modernidade-e-Luxo-no-Bairro-Mais-Alto-de-Joao-Pessoa-300x180.jpg\" class=\"attachment-medium size-medium wp-image-17495\" alt=\"Altiplano Modernidade e Luxo no Bairro Mais Alto de Jo\u00e3o Pessoa\" srcset=\"https:\/\/tws-empreendimentos.com.br\/wp-content\/uploads\/2025\/03\/Altiplano-Modernidade-e-Luxo-no-Bairro-Mais-Alto-de-Joao-Pessoa-300x180.jpg 300w, https:\/\/tws-empreendimentos.com.br\/wp-content\/uploads\/2025\/03\/Altiplano-Modernidade-e-Luxo-no-Bairro-Mais-Alto-de-Joao-Pessoa-768x461.jpg 768w, https:\/\/tws-empreendimentos.com.br\/wp-content\/uploads\/2025\/03\/Altiplano-Modernidade-e-Luxo-no-Bairro-Mais-Alto-de-Joao-Pessoa.jpg 1000w\" sizes=\"(max-width: 300px) 100vw, 300px\" \/>\n            <\/div>\n        <\/div><div class=\"eael-entry-wrapper\"><header class=\"eael-entry-header\"><h2 class=\"eael-entry-title\"><a class=\"eael-grid-post-link\" href=\"https:\/\/tws-empreendimentos.com.br\/es\/altiplano-joao-pessoa-2026\/\" title=\"Altiplano en Jo\u00e3o Pessoa: por qu\u00e9 es uno de los barrios m\u00e1s buscados para vivir en 2026\">Altiplano en Jo\u00e3o Pessoa: por qu\u00e9 es uno de los barrios m\u00e1s buscados para vivir en 2026<\/a><\/h2><\/header><div class=\"eael-entry-content\">\n                        <div class=\"eael-grid-post-excerpt\"><p>Altiplano dej\u00f3 de ser \u201csolo un barrio bonito\u201d y pas\u00f3...<\/p><a href=\"https:\/\/tws-empreendimentos.com.br\/es\/altiplano-joao-pessoa-2026\/\" class=\"eael-post-elements-readmore-btn\">Leia mais<\/a><\/div>\n                    <\/div><\/div><\/div>\n        <\/div>\n    <\/article><article class=\"eael-grid-post  eael-post-grid-column eael-pg-post-25806 category-sin-categorizar\" data-id=\"25806\">\n        <div class=\"eael-grid-post-holder\">\n            <div class=\"eael-grid-post-holder-inner\"><div class=\"eael-entry-media\"><div class=\"eael-entry-overlay fade-in\"><i class=\"fas fa-long-arrow-alt-right\" aria-hidden=\"true\"><\/i><a href=\"https:\/\/tws-empreendimentos.com.br\/es\/tambauzinho-joao-pessoa\/\"><\/a><\/div><div class=\"eael-entry-thumbnail \">\n                <img loading=\"lazy\" decoding=\"async\" width=\"300\" height=\"180\" src=\"https:\/\/tws-empreendimentos.com.br\/wp-content\/uploads\/2025\/03\/Tambauzinho-Um-Bairro-Central-com-Cultura-e-Servicos-Essenciais-em-Joao-Pessoa-300x180.jpg\" class=\"attachment-medium size-medium wp-image-17499\" alt=\"Tamba\u00fazinho Um Bairro Central com Cultura e Servi\u00e7os Essenciais em Jo\u00e3o Pessoa\" srcset=\"https:\/\/tws-empreendimentos.com.br\/wp-content\/uploads\/2025\/03\/Tambauzinho-Um-Bairro-Central-com-Cultura-e-Servicos-Essenciais-em-Joao-Pessoa-300x180.jpg 300w, https:\/\/tws-empreendimentos.com.br\/wp-content\/uploads\/2025\/03\/Tambauzinho-Um-Bairro-Central-com-Cultura-e-Servicos-Essenciais-em-Joao-Pessoa-768x461.jpg 768w, https:\/\/tws-empreendimentos.com.br\/wp-content\/uploads\/2025\/03\/Tambauzinho-Um-Bairro-Central-com-Cultura-e-Servicos-Essenciais-em-Joao-Pessoa.jpg 1000w\" sizes=\"(max-width: 300px) 100vw, 300px\" \/>\n            <\/div>\n        <\/div><div class=\"eael-entry-wrapper\"><header class=\"eael-entry-header\"><h2 class=\"eael-entry-title\"><a class=\"eael-grid-post-link\" href=\"https:\/\/tws-empreendimentos.com.br\/es\/tambauzinho-joao-pessoa\/\" title=\"Tamba\u00fazinho en Jo\u00e3o Pessoa: por qu\u00e9 es uno de los barrios m\u00e1s buscados para vivir en 2026\">Tamba\u00fazinho en Jo\u00e3o Pessoa: por qu\u00e9 es uno de los barrios m\u00e1s buscados para vivir en 2026<\/a><\/h2><\/header><div class=\"eael-entry-content\">\n                        <div class=\"eael-grid-post-excerpt\"><p>Tamba\u00fazinho no es \u201csolo un barrio bien ubicado\u201d: es una...<\/p><a href=\"https:\/\/tws-empreendimentos.com.br\/es\/tambauzinho-joao-pessoa\/\" class=\"eael-post-elements-readmore-btn\">Leia mais<\/a><\/div>\n                    <\/div><\/div><\/div>\n        <\/div>\n    <\/article><article class=\"eael-grid-post  eael-post-grid-column eael-pg-post-25807 category-sin-categorizar\" data-id=\"25807\">\n        <div class=\"eael-grid-post-holder\">\n            <div class=\"eael-grid-post-holder-inner\"><div class=\"eael-entry-media\"><div class=\"eael-entry-overlay fade-in\"><i class=\"fas fa-long-arrow-alt-right\" aria-hidden=\"true\"><\/i><a href=\"https:\/\/tws-empreendimentos.com.br\/es\/bessa-joao-pessoa-vivir-2026\/\"><\/a><\/div><div class=\"eael-entry-thumbnail \">\n                <img loading=\"lazy\" decoding=\"async\" width=\"300\" height=\"180\" src=\"https:\/\/tws-empreendimentos.com.br\/wp-content\/uploads\/2025\/03\/Bessa-Morar-Perto-do-Mar-com-Conforto-e-Tranquilidade-300x180.jpg\" class=\"attachment-medium size-medium wp-image-17503\" alt=\"Bessa Morar Perto do Mar com Conforto e Tranquilidade\" srcset=\"https:\/\/tws-empreendimentos.com.br\/wp-content\/uploads\/2025\/03\/Bessa-Morar-Perto-do-Mar-com-Conforto-e-Tranquilidade-300x180.jpg 300w, https:\/\/tws-empreendimentos.com.br\/wp-content\/uploads\/2025\/03\/Bessa-Morar-Perto-do-Mar-com-Conforto-e-Tranquilidade-768x461.jpg 768w, https:\/\/tws-empreendimentos.com.br\/wp-content\/uploads\/2025\/03\/Bessa-Morar-Perto-do-Mar-com-Conforto-e-Tranquilidade.jpg 1000w\" sizes=\"(max-width: 300px) 100vw, 300px\" \/>\n            <\/div>\n        <\/div><div class=\"eael-entry-wrapper\"><header class=\"eael-entry-header\"><h2 class=\"eael-entry-title\"><a class=\"eael-grid-post-link\" href=\"https:\/\/tws-empreendimentos.com.br\/es\/bessa-joao-pessoa-vivir-2026\/\" title=\"Bessa en Jo\u00e3o Pessoa: c\u00f3mo es vivir cerca del mar en 2026 y por qu\u00e9 el barrio sigue valoriz\u00e1ndose\">Bessa en Jo\u00e3o Pessoa: c\u00f3mo es vivir cerca del mar en 2026 y por qu\u00e9 el barrio sigue valoriz\u00e1ndose<\/a><\/h2><\/header><div class=\"eael-entry-content\">\n                        <div class=\"eael-grid-post-excerpt\"><p>Bessa se convirti\u00f3 en uno de esos barrios que la...<\/p><a href=\"https:\/\/tws-empreendimentos.com.br\/es\/bessa-joao-pessoa-vivir-2026\/\" class=\"eael-post-elements-readmore-btn\">Leia mais<\/a><\/div>\n                    <\/div><\/div><\/div>\n        <\/div>\n    <\/article><article class=\"eael-grid-post  eael-post-grid-column eael-pg-post-25860 category-sin-categorizar\" data-id=\"25860\">\n        <div class=\"eael-grid-post-holder\">\n            <div class=\"eael-grid-post-holder-inner\"><div class=\"eael-entry-media\"><div class=\"eael-entry-overlay fade-in\"><i class=\"fas fa-long-arrow-alt-right\" aria-hidden=\"true\"><\/i><a href=\"https:\/\/tws-empreendimentos.com.br\/es\/miramar-joao-pessoa-barrio\/\"><\/a><\/div><div class=\"eael-entry-thumbnail \">\n                <img loading=\"lazy\" decoding=\"async\" width=\"300\" height=\"180\" src=\"https:\/\/tws-empreendimentos.com.br\/wp-content\/uploads\/2025\/03\/Miramar-O-Bairro-com-Vista-Deslumbrante-e-Otima-Localizacao-em-Joao-Pessoa-300x180.jpg\" class=\"attachment-medium size-medium wp-image-17507\" alt=\"Miramar O Bairro com Vista Deslumbrante e \u00d3tima Localiza\u00e7\u00e3o em Jo\u00e3o Pessoa\" srcset=\"https:\/\/tws-empreendimentos.com.br\/wp-content\/uploads\/2025\/03\/Miramar-O-Bairro-com-Vista-Deslumbrante-e-Otima-Localizacao-em-Joao-Pessoa-300x180.jpg 300w, https:\/\/tws-empreendimentos.com.br\/wp-content\/uploads\/2025\/03\/Miramar-O-Bairro-com-Vista-Deslumbrante-e-Otima-Localizacao-em-Joao-Pessoa-768x461.jpg 768w, https:\/\/tws-empreendimentos.com.br\/wp-content\/uploads\/2025\/03\/Miramar-O-Bairro-com-Vista-Deslumbrante-e-Otima-Localizacao-em-Joao-Pessoa.jpg 1000w\" sizes=\"(max-width: 300px) 100vw, 300px\" \/>\n            <\/div>\n        <\/div><div class=\"eael-entry-wrapper\"><header class=\"eael-entry-header\"><h2 class=\"eael-entry-title\"><a class=\"eael-grid-post-link\" href=\"https:\/\/tws-empreendimentos.com.br\/es\/miramar-joao-pessoa-barrio\/\" title=\"Miramar en Jo\u00e3o Pessoa: c\u00f3mo es vivir en uno de los barrios m\u00e1s valorizados y bien ubicados para 2026\">Miramar en Jo\u00e3o Pessoa: c\u00f3mo es vivir en uno de los barrios m\u00e1s valorizados y bien ubicados para 2026<\/a><\/h2><\/header><div class=\"eael-entry-content\">\n                        <div class=\"eael-grid-post-excerpt\"><p>Miramar es de esos barrios que no necesitan exageraci\u00f3n para...<\/p><a href=\"https:\/\/tws-empreendimentos.com.br\/es\/miramar-joao-pessoa-barrio\/\" class=\"eael-post-elements-readmore-btn\">Leia mais<\/a><\/div>\n                    <\/div><\/div><\/div>\n        <\/div>\n    <\/article><article class=\"eael-grid-post  eael-post-grid-column eael-pg-post-25863 category-sin-categorizar\" data-id=\"25863\">\n        <div class=\"eael-grid-post-holder\">\n            <div class=\"eael-grid-post-holder-inner\"><div class=\"eael-entry-media\"><div class=\"eael-entry-overlay fade-in\"><i class=\"fas fa-long-arrow-alt-right\" aria-hidden=\"true\"><\/i><a href=\"https:\/\/tws-empreendimentos.com.br\/es\/jose-americo-joao-pessoa\/\"><\/a><\/div><div class=\"eael-entry-thumbnail \">\n                <img loading=\"lazy\" decoding=\"async\" width=\"300\" height=\"180\" src=\"https:\/\/tws-empreendimentos.com.br\/wp-content\/uploads\/2025\/03\/Jose-Americo-Desenvolvimento-e-Expansao-na-Zona-Sul-de-Joao-Pessoa-300x180.jpg\" class=\"attachment-medium size-medium wp-image-17515\" alt=\"Jos\u00e9 Am\u00e9rico Desenvolvimento e Expans\u00e3o na Zona Sul de Jo\u00e3o Pessoa\" srcset=\"https:\/\/tws-empreendimentos.com.br\/wp-content\/uploads\/2025\/03\/Jose-Americo-Desenvolvimento-e-Expansao-na-Zona-Sul-de-Joao-Pessoa-300x180.jpg 300w, https:\/\/tws-empreendimentos.com.br\/wp-content\/uploads\/2025\/03\/Jose-Americo-Desenvolvimento-e-Expansao-na-Zona-Sul-de-Joao-Pessoa-768x461.jpg 768w, https:\/\/tws-empreendimentos.com.br\/wp-content\/uploads\/2025\/03\/Jose-Americo-Desenvolvimento-e-Expansao-na-Zona-Sul-de-Joao-Pessoa.jpg 1000w\" sizes=\"(max-width: 300px) 100vw, 300px\" \/>\n            <\/div>\n        <\/div><div class=\"eael-entry-wrapper\"><header class=\"eael-entry-header\"><h2 class=\"eael-entry-title\"><a class=\"eael-grid-post-link\" href=\"https:\/\/tws-empreendimentos.com.br\/es\/jose-americo-joao-pessoa\/\" title=\"Vivir en el barrio Jos\u00e9 Am\u00e9rico, Jo\u00e3o Pessoa: c\u00f3mo es la zona, qu\u00e9 ofrece y por qu\u00e9 viene ganando atenci\u00f3n en 2026\">Vivir en el barrio Jos\u00e9 Am\u00e9rico, Jo\u00e3o Pessoa: c\u00f3mo es la zona, qu\u00e9 ofrece y por qu\u00e9 viene ganando atenci\u00f3n en 2026<\/a><\/h2><\/header><div class=\"eael-entry-content\">\n                        <div class=\"eael-grid-post-excerpt\"><p>Jos\u00e9 Am\u00e9rico, en la Zona Sur de Jo\u00e3o Pessoa, dej\u00f3...<\/p><a href=\"https:\/\/tws-empreendimentos.com.br\/es\/jose-americo-joao-pessoa\/\" class=\"eael-post-elements-readmore-btn\">Leia mais<\/a><\/div>\n                    <\/div><\/div><\/div>\n        <\/div>\n    <\/article><article class=\"eael-grid-post  eael-post-grid-column eael-pg-post-25866 category-sin-categorizar\" data-id=\"25866\">\n        <div class=\"eael-grid-post-holder\">\n            <div class=\"eael-grid-post-holder-inner\"><div class=\"eael-entry-media\"><div class=\"eael-entry-overlay fade-in\"><i class=\"fas fa-long-arrow-alt-right\" aria-hidden=\"true\"><\/i><a href=\"https:\/\/tws-empreendimentos.com.br\/es\/tambau-joao-pessoa-2026\/\"><\/a><\/div><div class=\"eael-entry-thumbnail \">\n                <img loading=\"lazy\" decoding=\"async\" width=\"300\" height=\"180\" src=\"https:\/\/tws-empreendimentos.com.br\/wp-content\/uploads\/2025\/03\/Tambau-Viva-Perto-da-Praia-e-Aproveite-a-Vida-Noturna-Vibrante-300x180.jpg\" class=\"attachment-medium size-medium wp-image-17519\" alt=\"Tamba\u00fa Viva Perto da Praia e Aproveite a Vida Noturna Vibrante\" srcset=\"https:\/\/tws-empreendimentos.com.br\/wp-content\/uploads\/2025\/03\/Tambau-Viva-Perto-da-Praia-e-Aproveite-a-Vida-Noturna-Vibrante-300x180.jpg 300w, https:\/\/tws-empreendimentos.com.br\/wp-content\/uploads\/2025\/03\/Tambau-Viva-Perto-da-Praia-e-Aproveite-a-Vida-Noturna-Vibrante-768x461.jpg 768w, https:\/\/tws-empreendimentos.com.br\/wp-content\/uploads\/2025\/03\/Tambau-Viva-Perto-da-Praia-e-Aproveite-a-Vida-Noturna-Vibrante.jpg 1000w\" sizes=\"(max-width: 300px) 100vw, 300px\" \/>\n            <\/div>\n        <\/div><div class=\"eael-entry-wrapper\"><header class=\"eael-entry-header\"><h2 class=\"eael-entry-title\"><a class=\"eael-grid-post-link\" href=\"https:\/\/tws-empreendimentos.com.br\/es\/tambau-joao-pessoa-2026\/\" title=\"Tamba\u00fa (Jo\u00e3o Pessoa) en 2026: playa, vida nocturna y calidad de vida en el barrio m\u00e1s buscado\">Tamba\u00fa (Jo\u00e3o Pessoa) en 2026: playa, vida nocturna y calidad de vida en el barrio m\u00e1s buscado<\/a><\/h2><\/header><div class=\"eael-entry-content\">\n                        <div class=\"eael-grid-post-excerpt\"><p>Tamba\u00fa es, para mucha gente, el punto donde Jo\u00e3o Pessoa...<\/p><a href=\"https:\/\/tws-empreendimentos.com.br\/es\/tambau-joao-pessoa-2026\/\" class=\"eael-post-elements-readmore-btn\">Leia mais<\/a><\/div>\n                    <\/div><\/div><\/div>\n        <\/div>\n    <\/article><article class=\"eael-grid-post  eael-post-grid-column eael-pg-post-25870 category-sin-categorizar\" data-id=\"25870\">\n        <div class=\"eael-grid-post-holder\">\n            <div class=\"eael-grid-post-holder-inner\"><div class=\"eael-entry-media\"><div class=\"eael-entry-overlay fade-in\"><i class=\"fas fa-long-arrow-alt-right\" aria-hidden=\"true\"><\/i><a href=\"https:\/\/tws-empreendimentos.com.br\/es\/barrio-funcionarios-joao-pessoa\/\"><\/a><\/div><div class=\"eael-entry-thumbnail \">\n                <img loading=\"lazy\" decoding=\"async\" width=\"300\" height=\"180\" src=\"https:\/\/tws-empreendimentos.com.br\/wp-content\/uploads\/2025\/03\/Funcionarios-Tradicao-e-Facilidade-no-Acesso-ao-Centro-em-Joao-Pessoa-300x180.jpg\" class=\"attachment-medium size-medium wp-image-17523\" alt=\"Funcion\u00e1rios Tradi\u00e7\u00e3o e Facilidade no Acesso ao Centro em Jo\u00e3o Pessoa\" srcset=\"https:\/\/tws-empreendimentos.com.br\/wp-content\/uploads\/2025\/03\/Funcionarios-Tradicao-e-Facilidade-no-Acesso-ao-Centro-em-Joao-Pessoa-300x180.jpg 300w, https:\/\/tws-empreendimentos.com.br\/wp-content\/uploads\/2025\/03\/Funcionarios-Tradicao-e-Facilidade-no-Acesso-ao-Centro-em-Joao-Pessoa-768x461.jpg 768w, https:\/\/tws-empreendimentos.com.br\/wp-content\/uploads\/2025\/03\/Funcionarios-Tradicao-e-Facilidade-no-Acesso-ao-Centro-em-Joao-Pessoa.jpg 1000w\" sizes=\"(max-width: 300px) 100vw, 300px\" \/>\n            <\/div>\n        <\/div><div class=\"eael-entry-wrapper\"><header class=\"eael-entry-header\"><h2 class=\"eael-entry-title\"><a class=\"eael-grid-post-link\" href=\"https:\/\/tws-empreendimentos.com.br\/es\/barrio-funcionarios-joao-pessoa\/\" title=\"Barrio Funcion\u00e1rios en Jo\u00e3o Pessoa: c\u00f3mo es vivir, qu\u00e9 servicios hay y por qu\u00e9 se valoriza en 2026\">Barrio Funcion\u00e1rios en Jo\u00e3o Pessoa: c\u00f3mo es vivir, qu\u00e9 servicios hay y por qu\u00e9 se valoriza en 2026<\/a><\/h2><\/header><div class=\"eael-entry-content\">\n                        <div class=\"eael-grid-post-excerpt\"><p>El barrio Funcion\u00e1rios, en Jo\u00e3o Pessoa (Para\u00edba), suele aparecer en...<\/p><a href=\"https:\/\/tws-empreendimentos.com.br\/es\/barrio-funcionarios-joao-pessoa\/\" class=\"eael-post-elements-readmore-btn\">Leia mais<\/a><\/div>\n                    <\/div><\/div><\/div>\n        <\/div>\n    <\/article><article class=\"eael-grid-post  eael-post-grid-column eael-pg-post-25873 category-sin-categorizar\" data-id=\"25873\">\n        <div class=\"eael-grid-post-holder\">\n            <div class=\"eael-grid-post-holder-inner\"><div class=\"eael-entry-media\"><div class=\"eael-entry-overlay fade-in\"><i class=\"fas fa-long-arrow-alt-right\" aria-hidden=\"true\"><\/i><a href=\"https:\/\/tws-empreendimentos.com.br\/es\/mangabeira-joao-pessoa\/\"><\/a><\/div><div class=\"eael-entry-thumbnail \">\n                <img loading=\"lazy\" decoding=\"async\" width=\"300\" height=\"180\" src=\"https:\/\/tws-empreendimentos.com.br\/wp-content\/uploads\/2025\/03\/Mangabeira-Um-Bairro-Cheio-de-Vida-e-Historia-em-Joao-Pessoa-300x180.jpg\" class=\"attachment-medium size-medium wp-image-17527\" alt=\"Mangabeira Um Bairro Cheio de Vida e Hist\u00f3ria em Jo\u00e3o Pessoa\" srcset=\"https:\/\/tws-empreendimentos.com.br\/wp-content\/uploads\/2025\/03\/Mangabeira-Um-Bairro-Cheio-de-Vida-e-Historia-em-Joao-Pessoa-300x180.jpg 300w, https:\/\/tws-empreendimentos.com.br\/wp-content\/uploads\/2025\/03\/Mangabeira-Um-Bairro-Cheio-de-Vida-e-Historia-em-Joao-Pessoa-768x461.jpg 768w, https:\/\/tws-empreendimentos.com.br\/wp-content\/uploads\/2025\/03\/Mangabeira-Um-Bairro-Cheio-de-Vida-e-Historia-em-Joao-Pessoa.jpg 1000w\" sizes=\"(max-width: 300px) 100vw, 300px\" \/>\n            <\/div>\n        <\/div><div class=\"eael-entry-wrapper\"><header class=\"eael-entry-header\"><h2 class=\"eael-entry-title\"><a class=\"eael-grid-post-link\" href=\"https:\/\/tws-empreendimentos.com.br\/es\/mangabeira-joao-pessoa\/\" title=\"Mangabeira en Jo\u00e3o Pessoa: vida de barrio, comercio fuerte y una comunidad que no para\">Mangabeira en Jo\u00e3o Pessoa: vida de barrio, comercio fuerte y una comunidad que no para<\/a><\/h2><\/header><div class=\"eael-entry-content\">\n                        <div class=\"eael-grid-post-excerpt\"><p>Mangabeira es uno de esos barrios de Jo\u00e3o Pessoa que...<\/p><a href=\"https:\/\/tws-empreendimentos.com.br\/es\/mangabeira-joao-pessoa\/\" class=\"eael-post-elements-readmore-btn\">Leia mais<\/a><\/div>\n                    <\/div><\/div><\/div>\n        <\/div>\n    <\/article><article class=\"eael-grid-post  eael-post-grid-column eael-pg-post-25876 category-sin-categorizar\" data-id=\"25876\">\n        <div class=\"eael-grid-post-holder\">\n            <div class=\"eael-grid-post-holder-inner\"><div class=\"eael-entry-media\"><div class=\"eael-entry-overlay fade-in\"><i class=\"fas fa-long-arrow-alt-right\" aria-hidden=\"true\"><\/i><a href=\"https:\/\/tws-empreendimentos.com.br\/es\/playa-de-camboinha-cabedelo-paraiba\/\"><\/a><\/div><div class=\"eael-entry-thumbnail \">\n                <img loading=\"lazy\" decoding=\"async\" width=\"300\" height=\"180\" src=\"https:\/\/tws-empreendimentos.com.br\/wp-content\/uploads\/2025\/03\/Praia-de-Camboinha-Mar-Calmo-e-Piscinas-Naturais-Perfeitas-300x180.jpg\" class=\"attachment-medium size-medium wp-image-17531\" alt=\"Praia de Camboinha Mar Calmo e Piscinas Naturais Perfeitas\" srcset=\"https:\/\/tws-empreendimentos.com.br\/wp-content\/uploads\/2025\/03\/Praia-de-Camboinha-Mar-Calmo-e-Piscinas-Naturais-Perfeitas-300x180.jpg 300w, https:\/\/tws-empreendimentos.com.br\/wp-content\/uploads\/2025\/03\/Praia-de-Camboinha-Mar-Calmo-e-Piscinas-Naturais-Perfeitas-768x461.jpg 768w, https:\/\/tws-empreendimentos.com.br\/wp-content\/uploads\/2025\/03\/Praia-de-Camboinha-Mar-Calmo-e-Piscinas-Naturais-Perfeitas.jpg 1000w\" sizes=\"(max-width: 300px) 100vw, 300px\" \/>\n            <\/div>\n        <\/div><div class=\"eael-entry-wrapper\"><header class=\"eael-entry-header\"><h2 class=\"eael-entry-title\"><a class=\"eael-grid-post-link\" href=\"https:\/\/tws-empreendimentos.com.br\/es\/playa-de-camboinha-cabedelo-paraiba\/\" title=\"Playa de Camboinha (Cabedelo): qu\u00e9 hacer, cu\u00e1ndo ir y por qu\u00e9 enamora a quien busca mar calmo en Para\u00edba\">Playa de Camboinha (Cabedelo): qu\u00e9 hacer, cu\u00e1ndo ir y por qu\u00e9 enamora a quien busca mar calmo en Para\u00edba<\/a><\/h2><\/header><div class=\"eael-entry-content\">\n                        <div class=\"eael-grid-post-excerpt\"><p>Playa de Camboinha, en Cabedelo (Para\u00edba), tiene ese tipo de...<\/p><a href=\"https:\/\/tws-empreendimentos.com.br\/es\/playa-de-camboinha-cabedelo-paraiba\/\" class=\"eael-post-elements-readmore-btn\">Leia mais<\/a><\/div>\n                    <\/div><\/div><\/div>\n        <\/div>\n    <\/article><article class=\"eael-grid-post  eael-post-grid-column eael-pg-post-25879 category-sin-categorizar\" data-id=\"25879\">\n        <div class=\"eael-grid-post-holder\">\n            <div class=\"eael-grid-post-holder-inner\"><div class=\"eael-entry-media\"><div class=\"eael-entry-overlay fade-in\"><i class=\"fas fa-long-arrow-alt-right\" aria-hidden=\"true\"><\/i><a href=\"https:\/\/tws-empreendimentos.com.br\/es\/distrito-industrial-de-joao-pessoa\/\"><\/a><\/div><div class=\"eael-entry-thumbnail \">\n                <img loading=\"lazy\" decoding=\"async\" width=\"300\" height=\"180\" src=\"https:\/\/tws-empreendimentos.com.br\/wp-content\/uploads\/2025\/03\/Distrito-Industrial-O-Polo-de-Crescimento-Economico-em-Joao-Pessoa-300x180.jpg\" class=\"attachment-medium size-medium wp-image-17535\" alt=\"Distrito Industrial O Polo de Crescimento Econ\u00f4mico em Jo\u00e3o Pessoa\" srcset=\"https:\/\/tws-empreendimentos.com.br\/wp-content\/uploads\/2025\/03\/Distrito-Industrial-O-Polo-de-Crescimento-Economico-em-Joao-Pessoa-300x180.jpg 300w, https:\/\/tws-empreendimentos.com.br\/wp-content\/uploads\/2025\/03\/Distrito-Industrial-O-Polo-de-Crescimento-Economico-em-Joao-Pessoa-768x461.jpg 768w, https:\/\/tws-empreendimentos.com.br\/wp-content\/uploads\/2025\/03\/Distrito-Industrial-O-Polo-de-Crescimento-Economico-em-Joao-Pessoa.jpg 1000w\" sizes=\"(max-width: 300px) 100vw, 300px\" \/>\n            <\/div>\n        <\/div><div class=\"eael-entry-wrapper\"><header class=\"eael-entry-header\"><h2 class=\"eael-entry-title\"><a class=\"eael-grid-post-link\" href=\"https:\/\/tws-empreendimentos.com.br\/es\/distrito-industrial-de-joao-pessoa\/\" title=\"Distrito Industrial de Jo\u00e3o Pessoa: por qu\u00e9 se convirti\u00f3 en un im\u00e1n de empresas, empleo e inversi\u00f3n\">Distrito Industrial de Jo\u00e3o Pessoa: por qu\u00e9 se convirti\u00f3 en un im\u00e1n de empresas, empleo e inversi\u00f3n<\/a><\/h2><\/header><div class=\"eael-entry-content\">\n                        <div class=\"eael-grid-post-excerpt\"><p>El Distrito Industrial de Jo\u00e3o Pessoa, en Para\u00edba, dej\u00f3 de...<\/p><a href=\"https:\/\/tws-empreendimentos.com.br\/es\/distrito-industrial-de-joao-pessoa\/\" class=\"eael-post-elements-readmore-btn\">Leia mais<\/a><\/div>\n                    <\/div><\/div><\/div>\n        <\/div>\n    <\/article><article class=\"eael-grid-post  eael-post-grid-column eael-pg-post-25882 category-sin-categorizar\" data-id=\"25882\">\n        <div class=\"eael-grid-post-holder\">\n            <div class=\"eael-grid-post-holder-inner\"><div class=\"eael-entry-media\"><div class=\"eael-entry-overlay fade-in\"><i class=\"fas fa-long-arrow-alt-right\" aria-hidden=\"true\"><\/i><a href=\"https:\/\/tws-empreendimentos.com.br\/es\/praia-do-poco-joao-pessoa\/\"><\/a><\/div><div class=\"eael-entry-thumbnail \">\n                <img loading=\"lazy\" decoding=\"async\" width=\"300\" height=\"180\" src=\"https:\/\/tws-empreendimentos.com.br\/wp-content\/uploads\/2025\/03\/Praia-do-Poco-Sombra-Aguas-Claras-e-Tranquilidade-em-Joao-Pessoa-300x180.jpg\" class=\"attachment-medium size-medium wp-image-17539\" alt=\"Praia do Po\u00e7o Sombra, \u00c1guas Claras e Tranquilidade em Jo\u00e3o Pessoa\" srcset=\"https:\/\/tws-empreendimentos.com.br\/wp-content\/uploads\/2025\/03\/Praia-do-Poco-Sombra-Aguas-Claras-e-Tranquilidade-em-Joao-Pessoa-300x180.jpg 300w, https:\/\/tws-empreendimentos.com.br\/wp-content\/uploads\/2025\/03\/Praia-do-Poco-Sombra-Aguas-Claras-e-Tranquilidade-em-Joao-Pessoa-768x461.jpg 768w, https:\/\/tws-empreendimentos.com.br\/wp-content\/uploads\/2025\/03\/Praia-do-Poco-Sombra-Aguas-Claras-e-Tranquilidade-em-Joao-Pessoa.jpg 1000w\" sizes=\"(max-width: 300px) 100vw, 300px\" \/>\n            <\/div>\n        <\/div><div class=\"eael-entry-wrapper\"><header class=\"eael-entry-header\"><h2 class=\"eael-entry-title\"><a class=\"eael-grid-post-link\" href=\"https:\/\/tws-empreendimentos.com.br\/es\/praia-do-poco-joao-pessoa\/\" title=\"Playa do Po\u00e7o (Jo\u00e3o Pessoa): aguas claras, sombra natural y un refugio tranquilo para vivir o invertir\">Playa do Po\u00e7o (Jo\u00e3o Pessoa): aguas claras, sombra natural y un refugio tranquilo para vivir o invertir<\/a><\/h2><\/header><div class=\"eael-entry-content\">\n                        <div class=\"eael-grid-post-excerpt\"><p>Playa do Po\u00e7o, en Jo\u00e3o Pessoa (Para\u00edba), tiene ese tipo...<\/p><a href=\"https:\/\/tws-empreendimentos.com.br\/es\/praia-do-poco-joao-pessoa\/\" class=\"eael-post-elements-readmore-btn\">Leia mais<\/a><\/div>\n                    <\/div><\/div><\/div>\n        <\/div>\n    <\/article><article class=\"eael-grid-post  eael-post-grid-column eael-pg-post-25885 category-sin-categorizar\" data-id=\"25885\">\n        <div class=\"eael-grid-post-holder\">\n            <div class=\"eael-grid-post-holder-inner\"><div class=\"eael-entry-media\"><div class=\"eael-entry-overlay fade-in\"><i class=\"fas fa-long-arrow-alt-right\" aria-hidden=\"true\"><\/i><a href=\"https:\/\/tws-empreendimentos.com.br\/es\/playa-de-ponta-de-matos-paraiba\/\"><\/a><\/div><div class=\"eael-entry-thumbnail \">\n                <img loading=\"lazy\" decoding=\"async\" width=\"300\" height=\"180\" src=\"https:\/\/tws-empreendimentos.com.br\/wp-content\/uploads\/2025\/03\/Praia-de-Ponta-de-Matos-Relaxamento-e-Privacidade-Garantidos-300x180.jpg\" class=\"attachment-medium size-medium wp-image-17543\" alt=\"Praia de Ponta de Matos Relaxamento e Privacidade Garantidos\" srcset=\"https:\/\/tws-empreendimentos.com.br\/wp-content\/uploads\/2025\/03\/Praia-de-Ponta-de-Matos-Relaxamento-e-Privacidade-Garantidos-300x180.jpg 300w, https:\/\/tws-empreendimentos.com.br\/wp-content\/uploads\/2025\/03\/Praia-de-Ponta-de-Matos-Relaxamento-e-Privacidade-Garantidos-768x461.jpg 768w, https:\/\/tws-empreendimentos.com.br\/wp-content\/uploads\/2025\/03\/Praia-de-Ponta-de-Matos-Relaxamento-e-Privacidade-Garantidos.jpg 1000w\" sizes=\"(max-width: 300px) 100vw, 300px\" \/>\n            <\/div>\n        <\/div><div class=\"eael-entry-wrapper\"><header class=\"eael-entry-header\"><h2 class=\"eael-entry-title\"><a class=\"eael-grid-post-link\" href=\"https:\/\/tws-empreendimentos.com.br\/es\/playa-de-ponta-de-matos-paraiba\/\" title=\"Playa de Ponta de Matos (Para\u00edba): tranquilidad, mar calmo y un rinc\u00f3n para desconectar de verdad\">Playa de Ponta de Matos (Para\u00edba): tranquilidad, mar calmo y un rinc\u00f3n para desconectar de verdad<\/a><\/h2><\/header><div class=\"eael-entry-content\">\n                        <div class=\"eael-grid-post-excerpt\"><p>Hay lugares que no necesitan ruido para impresionar. La Playa...<\/p><a href=\"https:\/\/tws-empreendimentos.com.br\/es\/playa-de-ponta-de-matos-paraiba\/\" class=\"eael-post-elements-readmore-btn\">Leia mais<\/a><\/div>\n                    <\/div><\/div><\/div>\n        <\/div>\n    <\/article><article class=\"eael-grid-post  eael-post-grid-column eael-pg-post-25895 category-sin-categorizar\" data-id=\"25895\">\n        <div class=\"eael-grid-post-holder\">\n            <div class=\"eael-grid-post-holder-inner\"><div class=\"eael-entry-media\"><div class=\"eael-entry-overlay fade-in\"><i class=\"fas fa-long-arrow-alt-right\" aria-hidden=\"true\"><\/i><a href=\"https:\/\/tws-empreendimentos.com.br\/es\/praia-barra-de-camaratuba-paraiba\/\"><\/a><\/div><div class=\"eael-entry-thumbnail \">\n                <img loading=\"lazy\" decoding=\"async\" width=\"300\" height=\"180\" src=\"https:\/\/tws-empreendimentos.com.br\/wp-content\/uploads\/2025\/03\/Praia-de-Barra-de-Camaratuba-Beleza-Selvagem-e-Natureza-Exuberante-300x180.jpg\" class=\"attachment-medium size-medium wp-image-17551\" alt=\"Praia de Barra de Camaratuba Beleza Selvagem e Natureza Exuberante\" srcset=\"https:\/\/tws-empreendimentos.com.br\/wp-content\/uploads\/2025\/03\/Praia-de-Barra-de-Camaratuba-Beleza-Selvagem-e-Natureza-Exuberante-300x180.jpg 300w, https:\/\/tws-empreendimentos.com.br\/wp-content\/uploads\/2025\/03\/Praia-de-Barra-de-Camaratuba-Beleza-Selvagem-e-Natureza-Exuberante-768x461.jpg 768w, https:\/\/tws-empreendimentos.com.br\/wp-content\/uploads\/2025\/03\/Praia-de-Barra-de-Camaratuba-Beleza-Selvagem-e-Natureza-Exuberante.jpg 1000w\" sizes=\"(max-width: 300px) 100vw, 300px\" \/>\n            <\/div>\n        <\/div><div class=\"eael-entry-wrapper\"><header class=\"eael-entry-header\"><h2 class=\"eael-entry-title\"><a class=\"eael-grid-post-link\" href=\"https:\/\/tws-empreendimentos.com.br\/es\/praia-barra-de-camaratuba-paraiba\/\" title=\"Praia de Barra de Camaratuba: tranquilidad salvaje y naturaleza intacta en el norte de Para\u00edba\">Praia de Barra de Camaratuba: tranquilidad salvaje y naturaleza intacta en el norte de Para\u00edba<\/a><\/h2><\/header><div class=\"eael-entry-content\">\n                        <div class=\"eael-grid-post-excerpt\"><p>La Praia de Barra de Camaratuba, en la costa norte...<\/p><a href=\"https:\/\/tws-empreendimentos.com.br\/es\/praia-barra-de-camaratuba-paraiba\/\" class=\"eael-post-elements-readmore-btn\">Leia mais<\/a><\/div>\n                    <\/div><\/div><\/div>\n        <\/div>\n    <\/article><article class=\"eael-grid-post  eael-post-grid-column eael-pg-post-25898 category-sin-categorizar\" data-id=\"25898\">\n        <div class=\"eael-grid-post-holder\">\n            <div class=\"eael-grid-post-holder-inner\"><div class=\"eael-entry-media\"><div class=\"eael-entry-overlay fade-in\"><i class=\"fas fa-long-arrow-alt-right\" aria-hidden=\"true\"><\/i><a href=\"https:\/\/tws-empreendimentos.com.br\/es\/playa-intermares-joao-pessoa-surf\/\"><\/a><\/div><div class=\"eael-entry-thumbnail \">\n                <img loading=\"lazy\" decoding=\"async\" width=\"300\" height=\"180\" src=\"https:\/\/tws-empreendimentos.com.br\/wp-content\/uploads\/2025\/03\/Intermares-Surfe-e-Aventuras-no-Litoral-Norte-de-Joao-Pessoa-300x180.jpg\" class=\"attachment-medium size-medium wp-image-17555\" alt=\"Intermares Surfe e Aventuras no Litoral Norte de Jo\u00e3o Pessoa\" srcset=\"https:\/\/tws-empreendimentos.com.br\/wp-content\/uploads\/2025\/03\/Intermares-Surfe-e-Aventuras-no-Litoral-Norte-de-Joao-Pessoa-300x180.jpg 300w, https:\/\/tws-empreendimentos.com.br\/wp-content\/uploads\/2025\/03\/Intermares-Surfe-e-Aventuras-no-Litoral-Norte-de-Joao-Pessoa-768x461.jpg 768w, https:\/\/tws-empreendimentos.com.br\/wp-content\/uploads\/2025\/03\/Intermares-Surfe-e-Aventuras-no-Litoral-Norte-de-Joao-Pessoa.jpg 1000w\" sizes=\"(max-width: 300px) 100vw, 300px\" \/>\n            <\/div>\n        <\/div><div class=\"eael-entry-wrapper\"><header class=\"eael-entry-header\"><h2 class=\"eael-entry-title\"><a class=\"eael-grid-post-link\" href=\"https:\/\/tws-empreendimentos.com.br\/es\/playa-intermares-joao-pessoa-surf\/\" title=\"Playa de Intermares en Jo\u00e3o Pessoa: olas constantes, ambiente surfer y un litoral que se vive sin prisa\">Playa de Intermares en Jo\u00e3o Pessoa: olas constantes, ambiente surfer y un litoral que se vive sin prisa<\/a><\/h2><\/header><div class=\"eael-entry-content\">\n                        <div class=\"eael-grid-post-excerpt\"><p>Intermares, en el litoral norte de Jo\u00e3o Pessoa (Para\u00edba), es...<\/p><a href=\"https:\/\/tws-empreendimentos.com.br\/es\/playa-intermares-joao-pessoa-surf\/\" class=\"eael-post-elements-readmore-btn\">Leia mais<\/a><\/div>\n                    <\/div><\/div><\/div>\n        <\/div>\n    <\/article><article class=\"eael-grid-post  eael-post-grid-column eael-pg-post-25901 category-sin-categorizar\" data-id=\"25901\">\n        <div class=\"eael-grid-post-holder\">\n            <div class=\"eael-grid-post-holder-inner\"><div class=\"eael-entry-media\"><div class=\"eael-entry-overlay fade-in\"><i class=\"fas fa-long-arrow-alt-right\" aria-hidden=\"true\"><\/i><a href=\"https:\/\/tws-empreendimentos.com.br\/es\/playa-do-bessa-joao-pessoa\/\"><\/a><\/div><div class=\"eael-entry-thumbnail \">\n                <img loading=\"lazy\" decoding=\"async\" width=\"300\" height=\"180\" src=\"https:\/\/tws-empreendimentos.com.br\/wp-content\/uploads\/2025\/03\/Bessa-A-Praia-Perfeita-para-Familias-e-Atividades-ao-Ar-Livre-300x180.jpg\" class=\"attachment-medium size-medium wp-image-17559\" alt=\"Bessa A Praia Perfeita para Fam\u00edlias e Atividades ao Ar Livre\" srcset=\"https:\/\/tws-empreendimentos.com.br\/wp-content\/uploads\/2025\/03\/Bessa-A-Praia-Perfeita-para-Familias-e-Atividades-ao-Ar-Livre-300x180.jpg 300w, https:\/\/tws-empreendimentos.com.br\/wp-content\/uploads\/2025\/03\/Bessa-A-Praia-Perfeita-para-Familias-e-Atividades-ao-Ar-Livre-768x461.jpg 768w, https:\/\/tws-empreendimentos.com.br\/wp-content\/uploads\/2025\/03\/Bessa-A-Praia-Perfeita-para-Familias-e-Atividades-ao-Ar-Livre.jpg 1000w\" sizes=\"(max-width: 300px) 100vw, 300px\" \/>\n            <\/div>\n        <\/div><div class=\"eael-entry-wrapper\"><header class=\"eael-entry-header\"><h2 class=\"eael-entry-title\"><a class=\"eael-grid-post-link\" href=\"https:\/\/tws-empreendimentos.com.br\/es\/playa-do-bessa-joao-pessoa\/\" title=\"Playa do Bessa en Jo\u00e3o Pessoa: el rinc\u00f3n familiar del litoral norte para un d\u00eda perfecto\">Playa do Bessa en Jo\u00e3o Pessoa: el rinc\u00f3n familiar del litoral norte para un d\u00eda perfecto<\/a><\/h2><\/header><div class=\"eael-entry-content\">\n                        <div class=\"eael-grid-post-excerpt\"><p>La Playa do Bessa, en Jo\u00e3o Pessoa, Para\u00edba, se gan\u00f3...<\/p><a href=\"https:\/\/tws-empreendimentos.com.br\/es\/playa-do-bessa-joao-pessoa\/\" class=\"eael-post-elements-readmore-btn\">Leia mais<\/a><\/div>\n                    <\/div><\/div><\/div>\n        <\/div>\n    <\/article><article class=\"eael-grid-post  eael-post-grid-column eael-pg-post-25904 category-sin-categorizar\" data-id=\"25904\">\n        <div class=\"eael-grid-post-holder\">\n            <div class=\"eael-grid-post-holder-inner\"><div class=\"eael-entry-media\"><div class=\"eael-entry-overlay fade-in\"><i class=\"fas fa-long-arrow-alt-right\" aria-hidden=\"true\"><\/i><a href=\"https:\/\/tws-empreendimentos.com.br\/es\/playa-tambau-joao-pessoa-paraiba\/\"><\/a><\/div><div class=\"eael-entry-thumbnail \">\n                <img loading=\"lazy\" decoding=\"async\" width=\"300\" height=\"180\" src=\"https:\/\/tws-empreendimentos.com.br\/wp-content\/uploads\/2025\/03\/Tambau-O-Coracao-Turistico-de-Joao-Pessoa-300x180.jpg\" class=\"attachment-medium size-medium wp-image-17563\" alt=\"Tamba\u00fa O Cora\u00e7\u00e3o Tur\u00edstico de Jo\u00e3o Pessoa\" srcset=\"https:\/\/tws-empreendimentos.com.br\/wp-content\/uploads\/2025\/03\/Tambau-O-Coracao-Turistico-de-Joao-Pessoa-300x180.jpg 300w, https:\/\/tws-empreendimentos.com.br\/wp-content\/uploads\/2025\/03\/Tambau-O-Coracao-Turistico-de-Joao-Pessoa-768x461.jpg 768w, https:\/\/tws-empreendimentos.com.br\/wp-content\/uploads\/2025\/03\/Tambau-O-Coracao-Turistico-de-Joao-Pessoa.jpg 1000w\" sizes=\"(max-width: 300px) 100vw, 300px\" \/>\n            <\/div>\n        <\/div><div class=\"eael-entry-wrapper\"><header class=\"eael-entry-header\"><h2 class=\"eael-entry-title\"><a class=\"eael-grid-post-link\" href=\"https:\/\/tws-empreendimentos.com.br\/es\/playa-tambau-joao-pessoa-paraiba\/\" title=\"Playa de Tamba\u00fa en Jo\u00e3o Pessoa: el coraz\u00f3n tur\u00edstico de Para\u00edba entre mar, cultura y sabor\">Playa de Tamba\u00fa en Jo\u00e3o Pessoa: el coraz\u00f3n tur\u00edstico de Para\u00edba entre mar, cultura y sabor<\/a><\/h2><\/header><div class=\"eael-entry-content\">\n                        <div class=\"eael-grid-post-excerpt\"><p>Tamba\u00fa no es solo un barrio famoso de Jo\u00e3o Pessoa:...<\/p><a href=\"https:\/\/tws-empreendimentos.com.br\/es\/playa-tambau-joao-pessoa-paraiba\/\" class=\"eael-post-elements-readmore-btn\">Leia mais<\/a><\/div>\n                    <\/div><\/div><\/div>\n        <\/div>\n    <\/article><article class=\"eael-grid-post  eael-post-grid-column eael-pg-post-25907 category-sin-categorizar\" data-id=\"25907\">\n        <div class=\"eael-grid-post-holder\">\n            <div class=\"eael-grid-post-holder-inner\"><div class=\"eael-entry-media\"><div class=\"eael-entry-overlay fade-in\"><i class=\"fas fa-long-arrow-alt-right\" aria-hidden=\"true\"><\/i><a href=\"https:\/\/tws-empreendimentos.com.br\/es\/playa-cabo-branco-joao-pessoa\/\"><\/a><\/div><div class=\"eael-entry-thumbnail \">\n                <img loading=\"lazy\" decoding=\"async\" width=\"300\" height=\"180\" src=\"https:\/\/tws-empreendimentos.com.br\/wp-content\/uploads\/2025\/03\/Praia-do-Cabo-Branco-Cenario-Perfeito-para-Caminhadas-e-Lazer-300x180.jpg\" class=\"attachment-medium size-medium wp-image-17568\" alt=\"Praia do Cabo Branco Cen\u00e1rio Perfeito para Caminhadas e Lazer\" srcset=\"https:\/\/tws-empreendimentos.com.br\/wp-content\/uploads\/2025\/03\/Praia-do-Cabo-Branco-Cenario-Perfeito-para-Caminhadas-e-Lazer-300x180.jpg 300w, https:\/\/tws-empreendimentos.com.br\/wp-content\/uploads\/2025\/03\/Praia-do-Cabo-Branco-Cenario-Perfeito-para-Caminhadas-e-Lazer-768x461.jpg 768w, https:\/\/tws-empreendimentos.com.br\/wp-content\/uploads\/2025\/03\/Praia-do-Cabo-Branco-Cenario-Perfeito-para-Caminhadas-e-Lazer.jpg 1000w\" sizes=\"(max-width: 300px) 100vw, 300px\" \/>\n            <\/div>\n        <\/div><div class=\"eael-entry-wrapper\"><header class=\"eael-entry-header\"><h2 class=\"eael-entry-title\"><a class=\"eael-grid-post-link\" href=\"https:\/\/tws-empreendimentos.com.br\/es\/playa-cabo-branco-joao-pessoa\/\" title=\"Playa de Cabo Branco en Jo\u00e3o Pessoa: acantilados, paseo mar\u00edtimo y un d\u00eda perfecto frente al Atl\u00e1ntico\">Playa de Cabo Branco en Jo\u00e3o Pessoa: acantilados, paseo mar\u00edtimo y un d\u00eda perfecto frente al Atl\u00e1ntico<\/a><\/h2><\/header><div class=\"eael-entry-content\">\n                        <div class=\"eael-grid-post-excerpt\"><p>La Playa de Cabo Branco, en Jo\u00e3o Pessoa, Para\u00edba, es...<\/p><a href=\"https:\/\/tws-empreendimentos.com.br\/es\/playa-cabo-branco-joao-pessoa\/\" class=\"eael-post-elements-readmore-btn\">Leia mais<\/a><\/div>\n                    <\/div><\/div><\/div>\n        <\/div>\n    <\/article><article class=\"eael-grid-post  eael-post-grid-column eael-pg-post-25910 category-sin-categorizar\" data-id=\"25910\">\n        <div class=\"eael-grid-post-holder\">\n            <div class=\"eael-grid-post-holder-inner\"><div class=\"eael-entry-media\"><div class=\"eael-entry-overlay fade-in\"><i class=\"fas fa-long-arrow-alt-right\" aria-hidden=\"true\"><\/i><a href=\"https:\/\/tws-empreendimentos.com.br\/es\/playa-de-la-penha-joao-pessoa\/\"><\/a><\/div><div class=\"eael-entry-thumbnail \">\n                <img loading=\"lazy\" decoding=\"async\" width=\"300\" height=\"180\" src=\"https:\/\/tws-empreendimentos.com.br\/wp-content\/uploads\/2025\/03\/Praia-da-Penha-O-Refugio-Tranquilo-para-Relaxar-em-Joao-Pessoa-300x180.jpg\" class=\"attachment-medium size-medium wp-image-17572\" alt=\"Praia da Penha O Ref\u00fagio Tranquilo para Relaxar em Jo\u00e3o Pessoa\" srcset=\"https:\/\/tws-empreendimentos.com.br\/wp-content\/uploads\/2025\/03\/Praia-da-Penha-O-Refugio-Tranquilo-para-Relaxar-em-Joao-Pessoa-300x180.jpg 300w, https:\/\/tws-empreendimentos.com.br\/wp-content\/uploads\/2025\/03\/Praia-da-Penha-O-Refugio-Tranquilo-para-Relaxar-em-Joao-Pessoa-768x461.jpg 768w, https:\/\/tws-empreendimentos.com.br\/wp-content\/uploads\/2025\/03\/Praia-da-Penha-O-Refugio-Tranquilo-para-Relaxar-em-Joao-Pessoa.jpg 1000w\" sizes=\"(max-width: 300px) 100vw, 300px\" \/>\n            <\/div>\n        <\/div><div class=\"eael-entry-wrapper\"><header class=\"eael-entry-header\"><h2 class=\"eael-entry-title\"><a class=\"eael-grid-post-link\" href=\"https:\/\/tws-empreendimentos.com.br\/es\/playa-de-la-penha-joao-pessoa\/\" title=\"Playa de la Penha en Jo\u00e3o Pessoa: calma, cultura y un mar que invita a quedarse\">Playa de la Penha en Jo\u00e3o Pessoa: calma, cultura y un mar que invita a quedarse<\/a><\/h2><\/header><div class=\"eael-entry-content\">\n                        <div class=\"eael-grid-post-excerpt\"><p>La Playa de la Penha, en Jo\u00e3o Pessoa (Para\u00edba), es...<\/p><a href=\"https:\/\/tws-empreendimentos.com.br\/es\/playa-de-la-penha-joao-pessoa\/\" class=\"eael-post-elements-readmore-btn\">Leia mais<\/a><\/div>\n                    <\/div><\/div><\/div>\n        <\/div>\n    <\/article><article class=\"eael-grid-post  eael-post-grid-column eael-pg-post-25913 category-sin-categorizar\" data-id=\"25913\">\n        <div class=\"eael-grid-post-holder\">\n            <div class=\"eael-grid-post-holder-inner\"><div class=\"eael-entry-media\"><div class=\"eael-entry-overlay fade-in\"><i class=\"fas fa-long-arrow-alt-right\" aria-hidden=\"true\"><\/i><a href=\"https:\/\/tws-empreendimentos.com.br\/es\/praia-do-seixas-joao-pessoa\/\"><\/a><\/div><div class=\"eael-entry-thumbnail \">\n                <img loading=\"lazy\" decoding=\"async\" width=\"300\" height=\"180\" src=\"https:\/\/tws-empreendimentos.com.br\/wp-content\/uploads\/2025\/03\/Praia-do-Seixas-Ponto-Extremo-Oriental-das-Americas-300x180.jpg\" class=\"attachment-medium size-medium wp-image-17576\" alt=\"Praia do Seixas Ponto Extremo Oriental das Am\u00e9ricas\" srcset=\"https:\/\/tws-empreendimentos.com.br\/wp-content\/uploads\/2025\/03\/Praia-do-Seixas-Ponto-Extremo-Oriental-das-Americas-300x180.jpg 300w, https:\/\/tws-empreendimentos.com.br\/wp-content\/uploads\/2025\/03\/Praia-do-Seixas-Ponto-Extremo-Oriental-das-Americas-768x461.jpg 768w, https:\/\/tws-empreendimentos.com.br\/wp-content\/uploads\/2025\/03\/Praia-do-Seixas-Ponto-Extremo-Oriental-das-Americas.jpg 1000w\" sizes=\"(max-width: 300px) 100vw, 300px\" \/>\n            <\/div>\n        <\/div><div class=\"eael-entry-wrapper\"><header class=\"eael-entry-header\"><h2 class=\"eael-entry-title\"><a class=\"eael-grid-post-link\" href=\"https:\/\/tws-empreendimentos.com.br\/es\/praia-do-seixas-joao-pessoa\/\" title=\"Praia do Seixas en Jo\u00e3o Pessoa: el amanecer m\u00e1s oriental de las Am\u00e9ricas y un d\u00eda de mar con historia\">Praia do Seixas en Jo\u00e3o Pessoa: el amanecer m\u00e1s oriental de las Am\u00e9ricas y un d\u00eda de mar con historia<\/a><\/h2><\/header><div class=\"eael-entry-content\">\n                        <div class=\"eael-grid-post-excerpt\"><p>La Praia do Seixas, en Jo\u00e3o Pessoa, Para\u00edba, tiene algo...<\/p><a href=\"https:\/\/tws-empreendimentos.com.br\/es\/praia-do-seixas-joao-pessoa\/\" class=\"eael-post-elements-readmore-btn\">Leia mais<\/a><\/div>\n                    <\/div><\/div><\/div>\n        <\/div>\n    <\/article><article class=\"eael-grid-post  eael-post-grid-column eael-pg-post-25916 category-sin-categorizar\" data-id=\"25916\">\n        <div class=\"eael-grid-post-holder\">\n            <div class=\"eael-grid-post-holder-inner\"><div class=\"eael-entry-media\"><div class=\"eael-entry-overlay fade-in\"><i class=\"fas fa-long-arrow-alt-right\" aria-hidden=\"true\"><\/i><a href=\"https:\/\/tws-empreendimentos.com.br\/es\/barra-de-gramame-joao-pessoa\/\"><\/a><\/div><div class=\"eael-entry-thumbnail \">\n                <img loading=\"lazy\" decoding=\"async\" width=\"300\" height=\"180\" src=\"https:\/\/tws-empreendimentos.com.br\/wp-content\/uploads\/2025\/03\/Barra-de-Gramame-Conexao-Entre-o-Rio-e-o-Mar-em-Joao-Pessoa-300x180.jpg\" class=\"attachment-medium size-medium wp-image-17580\" alt=\"Barra de Gramame Conex\u00e3o Entre o Rio e o Mar em Jo\u00e3o Pessoa\" srcset=\"https:\/\/tws-empreendimentos.com.br\/wp-content\/uploads\/2025\/03\/Barra-de-Gramame-Conexao-Entre-o-Rio-e-o-Mar-em-Joao-Pessoa-300x180.jpg 300w, https:\/\/tws-empreendimentos.com.br\/wp-content\/uploads\/2025\/03\/Barra-de-Gramame-Conexao-Entre-o-Rio-e-o-Mar-em-Joao-Pessoa-768x461.jpg 768w, https:\/\/tws-empreendimentos.com.br\/wp-content\/uploads\/2025\/03\/Barra-de-Gramame-Conexao-Entre-o-Rio-e-o-Mar-em-Joao-Pessoa.jpg 1000w\" sizes=\"(max-width: 300px) 100vw, 300px\" \/>\n            <\/div>\n        <\/div><div class=\"eael-entry-wrapper\"><header class=\"eael-entry-header\"><h2 class=\"eael-entry-title\"><a class=\"eael-grid-post-link\" href=\"https:\/\/tws-empreendimentos.com.br\/es\/barra-de-gramame-joao-pessoa\/\" title=\"Barra de Gramame: r\u00edo y mar en un mismo paisaje cerca de Jo\u00e3o Pessoa\">Barra de Gramame: r\u00edo y mar en un mismo paisaje cerca de Jo\u00e3o Pessoa<\/a><\/h2><\/header><div class=\"eael-entry-content\">\n                        <div class=\"eael-grid-post-excerpt\"><p>La Barra de Gramame, en el litoral de Jo\u00e3o Pessoa...<\/p><a href=\"https:\/\/tws-empreendimentos.com.br\/es\/barra-de-gramame-joao-pessoa\/\" class=\"eael-post-elements-readmore-btn\">Leia mais<\/a><\/div>\n                    <\/div><\/div><\/div>\n        <\/div>\n    <\/article><article class=\"eael-grid-post  eael-post-grid-column eael-pg-post-25918 category-sin-categorizar\" data-id=\"25918\">\n        <div class=\"eael-grid-post-holder\">\n            <div class=\"eael-grid-post-holder-inner\"><div class=\"eael-entry-media\"><div class=\"eael-entry-overlay fade-in\"><i class=\"fas fa-long-arrow-alt-right\" aria-hidden=\"true\"><\/i><a href=\"https:\/\/tws-empreendimentos.com.br\/es\/playa-de-carapibus-joao-pessoa\/\"><\/a><\/div><div class=\"eael-entry-thumbnail \">\n                <img loading=\"lazy\" decoding=\"async\" width=\"300\" height=\"180\" src=\"https:\/\/tws-empreendimentos.com.br\/wp-content\/uploads\/2025\/03\/Praia-de-Carapibus-Natureza-Selvagem-e-Encantos-Naturais-300x180.jpg\" class=\"attachment-medium size-medium wp-image-17585\" alt=\"Praia de Carapibus Natureza Selvagem e Encantos Naturais\" srcset=\"https:\/\/tws-empreendimentos.com.br\/wp-content\/uploads\/2025\/03\/Praia-de-Carapibus-Natureza-Selvagem-e-Encantos-Naturais-300x180.jpg 300w, https:\/\/tws-empreendimentos.com.br\/wp-content\/uploads\/2025\/03\/Praia-de-Carapibus-Natureza-Selvagem-e-Encantos-Naturais-768x461.jpg 768w, https:\/\/tws-empreendimentos.com.br\/wp-content\/uploads\/2025\/03\/Praia-de-Carapibus-Natureza-Selvagem-e-Encantos-Naturais.jpg 1000w\" sizes=\"(max-width: 300px) 100vw, 300px\" \/>\n            <\/div>\n        <\/div><div class=\"eael-entry-wrapper\"><header class=\"eael-entry-header\"><h2 class=\"eael-entry-title\"><a class=\"eael-grid-post-link\" href=\"https:\/\/tws-empreendimentos.com.br\/es\/playa-de-carapibus-joao-pessoa\/\" title=\"Playa de Carapibus: un refugio natural en el litoral sur de Para\u00edba, cerca de Jo\u00e3o Pessoa\">Playa de Carapibus: un refugio natural en el litoral sur de Para\u00edba, cerca de Jo\u00e3o Pessoa<\/a><\/h2><\/header><div class=\"eael-entry-content\">\n                        <div class=\"eael-grid-post-excerpt\"><p>La Playa de Carapibus, en el litoral sur de Para\u00edba,...<\/p><a href=\"https:\/\/tws-empreendimentos.com.br\/es\/playa-de-carapibus-joao-pessoa\/\" class=\"eael-post-elements-readmore-btn\">Leia mais<\/a><\/div>\n                    <\/div><\/div><\/div>\n        <\/div>\n    <\/article><article class=\"eael-grid-post  eael-post-grid-column eael-pg-post-25923 category-sin-categorizar\" data-id=\"25923\">\n        <div class=\"eael-grid-post-holder\">\n            <div class=\"eael-grid-post-holder-inner\"><div class=\"eael-entry-media\"><div class=\"eael-entry-overlay fade-in\"><i class=\"fas fa-long-arrow-alt-right\" aria-hidden=\"true\"><\/i><a href=\"https:\/\/tws-empreendimentos.com.br\/es\/playa-de-jacuma-paraiba\/\"><\/a><\/div><div class=\"eael-entry-thumbnail \">\n                <img loading=\"lazy\" decoding=\"async\" width=\"300\" height=\"180\" src=\"https:\/\/tws-empreendimentos.com.br\/wp-content\/uploads\/2025\/03\/Praia-de-Jacuma-Paraiso-Natural-e-Cenario-de-Aventura-300x180.jpg\" class=\"attachment-medium size-medium wp-image-17589\" alt=\"Praia de Jacum\u00e3 Para\u00edso Natural e Cen\u00e1rio de Aventura\" srcset=\"https:\/\/tws-empreendimentos.com.br\/wp-content\/uploads\/2025\/03\/Praia-de-Jacuma-Paraiso-Natural-e-Cenario-de-Aventura-300x180.jpg 300w, https:\/\/tws-empreendimentos.com.br\/wp-content\/uploads\/2025\/03\/Praia-de-Jacuma-Paraiso-Natural-e-Cenario-de-Aventura-768x461.jpg 768w, https:\/\/tws-empreendimentos.com.br\/wp-content\/uploads\/2025\/03\/Praia-de-Jacuma-Paraiso-Natural-e-Cenario-de-Aventura.jpg 1000w\" sizes=\"(max-width: 300px) 100vw, 300px\" \/>\n            <\/div>\n        <\/div><div class=\"eael-entry-wrapper\"><header class=\"eael-entry-header\"><h2 class=\"eael-entry-title\"><a class=\"eael-grid-post-link\" href=\"https:\/\/tws-empreendimentos.com.br\/es\/playa-de-jacuma-paraiba\/\" title=\"Playa de Jacum\u00e3 (Para\u00edba): dunas, mar tibio y adrenalina a pocos minutos de Jo\u00e3o Pessoa\">Playa de Jacum\u00e3 (Para\u00edba): dunas, mar tibio y adrenalina a pocos minutos de Jo\u00e3o Pessoa<\/a><\/h2><\/header><div class=\"eael-entry-content\">\n                        <div class=\"eael-grid-post-excerpt\"><p>La Playa de Jacum\u00e3, en el litoral sur de Para\u00edba,...<\/p><a href=\"https:\/\/tws-empreendimentos.com.br\/es\/playa-de-jacuma-paraiba\/\" class=\"eael-post-elements-readmore-btn\">Leia mais<\/a><\/div>\n                    <\/div><\/div><\/div>\n        <\/div>\n    <\/article><article class=\"eael-grid-post  eael-post-grid-column eael-pg-post-25926 category-sin-categorizar\" data-id=\"25926\">\n        <div class=\"eael-grid-post-holder\">\n            <div class=\"eael-grid-post-holder-inner\"><div class=\"eael-entry-media\"><div class=\"eael-entry-overlay fade-in\"><i class=\"fas fa-long-arrow-alt-right\" aria-hidden=\"true\"><\/i><a href=\"https:\/\/tws-empreendimentos.com.br\/es\/praia-de-tabatinga-paraiba\/\"><\/a><\/div><div class=\"eael-entry-thumbnail \">\n                <img loading=\"lazy\" decoding=\"async\" width=\"300\" height=\"180\" src=\"https:\/\/tws-empreendimentos.com.br\/wp-content\/uploads\/2025\/03\/Praia-de-Tabatinga-Tranquilidade-e-Aguas-Claras-no-Litoral-Sul-300x180.jpg\" class=\"attachment-medium size-medium wp-image-17593\" alt=\"Praia de Tabatinga Tranquilidade e \u00c1guas Claras no Litoral Sul\" srcset=\"https:\/\/tws-empreendimentos.com.br\/wp-content\/uploads\/2025\/03\/Praia-de-Tabatinga-Tranquilidade-e-Aguas-Claras-no-Litoral-Sul-300x180.jpg 300w, https:\/\/tws-empreendimentos.com.br\/wp-content\/uploads\/2025\/03\/Praia-de-Tabatinga-Tranquilidade-e-Aguas-Claras-no-Litoral-Sul-768x461.jpg 768w, https:\/\/tws-empreendimentos.com.br\/wp-content\/uploads\/2025\/03\/Praia-de-Tabatinga-Tranquilidade-e-Aguas-Claras-no-Litoral-Sul.jpg 1000w\" sizes=\"(max-width: 300px) 100vw, 300px\" \/>\n            <\/div>\n        <\/div><div class=\"eael-entry-wrapper\"><header class=\"eael-entry-header\"><h2 class=\"eael-entry-title\"><a class=\"eael-grid-post-link\" href=\"https:\/\/tws-empreendimentos.com.br\/es\/praia-de-tabatinga-paraiba\/\" title=\"Praia de Tabatinga: calma, acantilados y mar transparente en el sur de Para\u00edba\">Praia de Tabatinga: calma, acantilados y mar transparente en el sur de Para\u00edba<\/a><\/h2><\/header><div class=\"eael-entry-content\">\n                        <div class=\"eael-grid-post-excerpt\"><p>La Praia de Tabatinga, en el litoral sur de Para\u00edba,...<\/p><a href=\"https:\/\/tws-empreendimentos.com.br\/es\/praia-de-tabatinga-paraiba\/\" class=\"eael-post-elements-readmore-btn\">Leia mais<\/a><\/div>\n                    <\/div><\/div><\/div>\n        <\/div>\n    <\/article><article class=\"eael-grid-post  eael-post-grid-column eael-pg-post-25929 category-sin-categorizar\" data-id=\"25929\">\n        <div class=\"eael-grid-post-holder\">\n            <div class=\"eael-grid-post-holder-inner\"><div class=\"eael-entry-media\"><div class=\"eael-entry-overlay fade-in\"><i class=\"fas fa-long-arrow-alt-right\" aria-hidden=\"true\"><\/i><a href=\"https:\/\/tws-empreendimentos.com.br\/es\/playa-de-coqueirinho-joao-pessoa\/\"><\/a><\/div><div class=\"eael-entry-thumbnail \">\n                <img loading=\"lazy\" decoding=\"async\" width=\"300\" height=\"180\" src=\"https:\/\/tws-empreendimentos.com.br\/wp-content\/uploads\/2025\/03\/Coqueirinho-As-Falesias-e-Piscinas-Naturais-de-Joao-Pessoa-300x180.jpg\" class=\"attachment-medium size-medium wp-image-17597\" alt=\"Coqueirinho As Fal\u00e9sias e Piscinas Naturais de Jo\u00e3o Pessoa\" srcset=\"https:\/\/tws-empreendimentos.com.br\/wp-content\/uploads\/2025\/03\/Coqueirinho-As-Falesias-e-Piscinas-Naturais-de-Joao-Pessoa-300x180.jpg 300w, https:\/\/tws-empreendimentos.com.br\/wp-content\/uploads\/2025\/03\/Coqueirinho-As-Falesias-e-Piscinas-Naturais-de-Joao-Pessoa-768x461.jpg 768w, https:\/\/tws-empreendimentos.com.br\/wp-content\/uploads\/2025\/03\/Coqueirinho-As-Falesias-e-Piscinas-Naturais-de-Joao-Pessoa.jpg 1000w\" sizes=\"(max-width: 300px) 100vw, 300px\" \/>\n            <\/div>\n        <\/div><div class=\"eael-entry-wrapper\"><header class=\"eael-entry-header\"><h2 class=\"eael-entry-title\"><a class=\"eael-grid-post-link\" href=\"https:\/\/tws-empreendimentos.com.br\/es\/playa-de-coqueirinho-joao-pessoa\/\" title=\"Playa de Coqueirinho: acantilados, piscinas naturales y calma real cerca de Jo\u00e3o Pessoa\">Playa de Coqueirinho: acantilados, piscinas naturales y calma real cerca de Jo\u00e3o Pessoa<\/a><\/h2><\/header><div class=\"eael-entry-content\">\n                        <div class=\"eael-grid-post-excerpt\"><p>La Playa de Coqueirinho es uno de esos lugares que...<\/p><a href=\"https:\/\/tws-empreendimentos.com.br\/es\/playa-de-coqueirinho-joao-pessoa\/\" class=\"eael-post-elements-readmore-btn\">Leia mais<\/a><\/div>\n                    <\/div><\/div><\/div>\n        <\/div>\n    <\/article><article class=\"eael-grid-post  eael-post-grid-column eael-pg-post-25931 category-sin-categorizar\" data-id=\"25931\">\n        <div class=\"eael-grid-post-holder\">\n            <div class=\"eael-grid-post-holder-inner\"><div class=\"eael-entry-media\"><div class=\"eael-entry-overlay fade-in\"><i class=\"fas fa-long-arrow-alt-right\" aria-hidden=\"true\"><\/i><a href=\"https:\/\/tws-empreendimentos.com.br\/es\/playa-de-tambaba-joao-pessoa\/\"><\/a><\/div><div class=\"eael-entry-thumbnail \">\n                <img loading=\"lazy\" decoding=\"async\" width=\"300\" height=\"180\" src=\"https:\/\/tws-empreendimentos.com.br\/wp-content\/uploads\/2025\/03\/Praia-de-Tambaba-Beleza-Natural-e-Nudez-Permitida-no-Sul-de-Joao-Pessoa-300x180.jpg\" class=\"attachment-medium size-medium wp-image-17601\" alt=\"Praia de Tambaba Beleza Natural e Nudez Permitida no Sul de Jo\u00e3o Pessoa\" srcset=\"https:\/\/tws-empreendimentos.com.br\/wp-content\/uploads\/2025\/03\/Praia-de-Tambaba-Beleza-Natural-e-Nudez-Permitida-no-Sul-de-Joao-Pessoa-300x180.jpg 300w, https:\/\/tws-empreendimentos.com.br\/wp-content\/uploads\/2025\/03\/Praia-de-Tambaba-Beleza-Natural-e-Nudez-Permitida-no-Sul-de-Joao-Pessoa-768x461.jpg 768w, https:\/\/tws-empreendimentos.com.br\/wp-content\/uploads\/2025\/03\/Praia-de-Tambaba-Beleza-Natural-e-Nudez-Permitida-no-Sul-de-Joao-Pessoa.jpg 1000w\" sizes=\"(max-width: 300px) 100vw, 300px\" \/>\n            <\/div>\n        <\/div><div class=\"eael-entry-wrapper\"><header class=\"eael-entry-header\"><h2 class=\"eael-entry-title\"><a class=\"eael-grid-post-link\" href=\"https:\/\/tws-empreendimentos.com.br\/es\/playa-de-tambaba-joao-pessoa\/\" title=\"Playa de Tambaba: naturaleza intensa, acantilados y el lado m\u00e1s libre del litoral sur de Jo\u00e3o Pessoa\">Playa de Tambaba: naturaleza intensa, acantilados y el lado m\u00e1s libre del litoral sur de Jo\u00e3o Pessoa<\/a><\/h2><\/header><div class=\"eael-entry-content\">\n                        <div class=\"eael-grid-post-excerpt\"><p>La Playa de Tambaba, en el litoral sur de Jo\u00e3o...<\/p><a href=\"https:\/\/tws-empreendimentos.com.br\/es\/playa-de-tambaba-joao-pessoa\/\" class=\"eael-post-elements-readmore-btn\">Leia mais<\/a><\/div>\n                    <\/div><\/div><\/div>\n        <\/div>\n    <\/article><article class=\"eael-grid-post  eael-post-grid-column eael-pg-post-25932 category-noticias-es\" data-id=\"25932\">\n        <div class=\"eael-grid-post-holder\">\n            <div class=\"eael-grid-post-holder-inner\"><div class=\"eael-entry-media\"><div class=\"eael-entry-overlay fade-in\"><i class=\"fas fa-long-arrow-alt-right\" aria-hidden=\"true\"><\/i><a href=\"https:\/\/tws-empreendimentos.com.br\/es\/tours-mont-blanc-joao-pessoa-altiplano-nobre\/\"><\/a><\/div><div class=\"eael-entry-thumbnail \">\n                <img loading=\"lazy\" decoding=\"async\" width=\"300\" height=\"180\" src=\"https:\/\/tws-empreendimentos.com.br\/wp-content\/uploads\/2025\/02\/O-Tours-Mont-Blanc-300x180.jpg\" class=\"attachment-medium size-medium wp-image-9690\" alt=\"\" srcset=\"https:\/\/tws-empreendimentos.com.br\/wp-content\/uploads\/2025\/02\/O-Tours-Mont-Blanc-300x180.jpg 300w, https:\/\/tws-empreendimentos.com.br\/wp-content\/uploads\/2025\/02\/O-Tours-Mont-Blanc.jpg 500w\" sizes=\"(max-width: 300px) 100vw, 300px\" \/>\n            <\/div>\n        <\/div><div class=\"eael-entry-wrapper\"><header class=\"eael-entry-header\"><h2 class=\"eael-entry-title\"><a class=\"eael-grid-post-link\" href=\"https:\/\/tws-empreendimentos.com.br\/es\/tours-mont-blanc-joao-pessoa-altiplano-nobre\/\" title=\"Tours Mont Blanc en Jo\u00e3o Pessoa: lujo residencial en Altiplano Nobre con sello de TWS Empreendimientos\">Tours Mont Blanc en Jo\u00e3o Pessoa: lujo residencial en Altiplano Nobre con sello de TWS Empreendimientos<\/a><\/h2><\/header><div class=\"eael-entry-content\">\n                        <div class=\"eael-grid-post-excerpt\"><p>En Jo\u00e3o Pessoa, donde el mar y la ciudad conviven...<\/p><a href=\"https:\/\/tws-empreendimentos.com.br\/es\/tours-mont-blanc-joao-pessoa-altiplano-nobre\/\" class=\"eael-post-elements-readmore-btn\">Leia mais<\/a><\/div>\n                    <\/div><\/div><\/div>\n        <\/div>\n    <\/article><article class=\"eael-grid-post  eael-post-grid-column eael-pg-post-25935 category-noticias-es\" data-id=\"25935\">\n        <div class=\"eael-grid-post-holder\">\n            <div class=\"eael-grid-post-holder-inner\"><div class=\"eael-entry-media\"><div class=\"eael-entry-overlay fade-in\"><i class=\"fas fa-long-arrow-alt-right\" aria-hidden=\"true\"><\/i><a href=\"https:\/\/tws-empreendimentos.com.br\/es\/vivir-cerca-playas-joao-pessoa\/\"><\/a><\/div><div class=\"eael-entry-thumbnail \">\n                <img loading=\"lazy\" decoding=\"async\" width=\"300\" height=\"180\" src=\"https:\/\/tws-empreendimentos.com.br\/wp-content\/uploads\/2025\/12\/Vantagens-de-Morar-Proximo-as-Praias-de-Joao-Pessoa-300x180.jpg\" class=\"attachment-medium size-medium wp-image-17171\" alt=\"Vantagens de Morar Pr\u00f3ximo \u00e0s Praias de Jo\u00e3o Pessoa\" srcset=\"https:\/\/tws-empreendimentos.com.br\/wp-content\/uploads\/2025\/12\/Vantagens-de-Morar-Proximo-as-Praias-de-Joao-Pessoa-300x180.jpg 300w, https:\/\/tws-empreendimentos.com.br\/wp-content\/uploads\/2025\/12\/Vantagens-de-Morar-Proximo-as-Praias-de-Joao-Pessoa.jpg 500w\" sizes=\"(max-width: 300px) 100vw, 300px\" \/>\n            <\/div>\n        <\/div><div class=\"eael-entry-wrapper\"><header class=\"eael-entry-header\"><h2 class=\"eael-entry-title\"><a class=\"eael-grid-post-link\" href=\"https:\/\/tws-empreendimentos.com.br\/es\/vivir-cerca-playas-joao-pessoa\/\" title=\"Vivir cerca de las playas de Jo\u00e3o Pessoa: razones reales para elegir el estilo de vida costero\">Vivir cerca de las playas de Jo\u00e3o Pessoa: razones reales para elegir el estilo de vida costero<\/a><\/h2><\/header><div class=\"eael-entry-content\">\n                        <div class=\"eael-grid-post-excerpt\"><p>Vivir cerca de las playas de Jo\u00e3o Pessoa suena a...<\/p><a href=\"https:\/\/tws-empreendimentos.com.br\/es\/vivir-cerca-playas-joao-pessoa\/\" class=\"eael-post-elements-readmore-btn\">Leia mais<\/a><\/div>\n                    <\/div><\/div><\/div>\n        <\/div>\n    <\/article><article class=\"eael-grid-post  eael-post-grid-column eael-pg-post-25937 category-noticias-es\" data-id=\"25937\">\n        <div class=\"eael-grid-post-holder\">\n            <div class=\"eael-grid-post-holder-inner\"><div class=\"eael-entry-media\"><div class=\"eael-entry-overlay fade-in\"><i class=\"fas fa-long-arrow-alt-right\" aria-hidden=\"true\"><\/i><a href=\"https:\/\/tws-empreendimentos.com.br\/es\/alquiler-temporario-joao-pessoa\/\"><\/a><\/div><div class=\"eael-entry-thumbnail \">\n                <img loading=\"lazy\" decoding=\"async\" width=\"300\" height=\"180\" src=\"https:\/\/tws-empreendimentos.com.br\/wp-content\/uploads\/2025\/12\/Como-o-Mercado-de-Aluguel-de-Temporada-Esta-Crescendo-em-Joao-Pessoa-300x180.jpg\" class=\"attachment-medium size-medium wp-image-17167\" alt=\"Como o Mercado de Aluguel de Temporada Est\u00e1 Crescendo em Jo\u00e3o Pessoa\" srcset=\"https:\/\/tws-empreendimentos.com.br\/wp-content\/uploads\/2025\/12\/Como-o-Mercado-de-Aluguel-de-Temporada-Esta-Crescendo-em-Joao-Pessoa-300x180.jpg 300w, https:\/\/tws-empreendimentos.com.br\/wp-content\/uploads\/2025\/12\/Como-o-Mercado-de-Aluguel-de-Temporada-Esta-Crescendo-em-Joao-Pessoa.jpg 500w\" sizes=\"(max-width: 300px) 100vw, 300px\" \/>\n            <\/div>\n        <\/div><div class=\"eael-entry-wrapper\"><header class=\"eael-entry-header\"><h2 class=\"eael-entry-title\"><a class=\"eael-grid-post-link\" href=\"https:\/\/tws-empreendimentos.com.br\/es\/alquiler-temporario-joao-pessoa\/\" title=\"El auge del alquiler temporario en Jo\u00e3o Pessoa: por qu\u00e9 crece y qu\u00e9 oportunidades abre\">El auge del alquiler temporario en Jo\u00e3o Pessoa: por qu\u00e9 crece y qu\u00e9 oportunidades abre<\/a><\/h2><\/header><div class=\"eael-entry-content\">\n                        <div class=\"eael-grid-post-excerpt\"><p>En los \u00faltimos a\u00f1os, el mercado de alquiler de temporada...<\/p><a href=\"https:\/\/tws-empreendimentos.com.br\/es\/alquiler-temporario-joao-pessoa\/\" class=\"eael-post-elements-readmore-btn\">Leia mais<\/a><\/div>\n                    <\/div><\/div><\/div>\n        <\/div>\n    <\/article><article class=\"eael-grid-post  eael-post-grid-column eael-pg-post-25940 category-noticias-es\" data-id=\"25940\">\n        <div class=\"eael-grid-post-holder\">\n            <div class=\"eael-grid-post-holder-inner\"><div class=\"eael-entry-media\"><div class=\"eael-entry-overlay fade-in\"><i class=\"fas fa-long-arrow-alt-right\" aria-hidden=\"true\"><\/i><a href=\"https:\/\/tws-empreendimentos.com.br\/es\/inmuebles-en-joao-pessoa-mejores-zonas\/\"><\/a><\/div><div class=\"eael-entry-thumbnail \">\n                <img loading=\"lazy\" decoding=\"async\" width=\"300\" height=\"180\" src=\"https:\/\/tws-empreendimentos.com.br\/wp-content\/uploads\/2025\/12\/Comparacao-de-Imoveis-em-Joao-Pessoa-Precos-e-Oportunidades-por-Regiao-300x180.jpg\" class=\"attachment-medium size-medium wp-image-17163\" alt=\"Compara\u00e7\u00e3o de Im\u00f3veis em Jo\u00e3o Pessoa Pre\u00e7os e Oportunidades por Regi\u00e3o\" srcset=\"https:\/\/tws-empreendimentos.com.br\/wp-content\/uploads\/2025\/12\/Comparacao-de-Imoveis-em-Joao-Pessoa-Precos-e-Oportunidades-por-Regiao-300x180.jpg 300w, https:\/\/tws-empreendimentos.com.br\/wp-content\/uploads\/2025\/12\/Comparacao-de-Imoveis-em-Joao-Pessoa-Precos-e-Oportunidades-por-Regiao.jpg 500w\" sizes=\"(max-width: 300px) 100vw, 300px\" \/>\n            <\/div>\n        <\/div><div class=\"eael-entry-wrapper\"><header class=\"eael-entry-header\"><h2 class=\"eael-entry-title\"><a class=\"eael-grid-post-link\" href=\"https:\/\/tws-empreendimentos.com.br\/es\/inmuebles-en-joao-pessoa-mejores-zonas\/\" title=\"Inmuebles en Jo\u00e3o Pessoa: d\u00f3nde conviene comprar seg\u00fan la regi\u00f3n (orla, centro y zonas en expansi\u00f3n)\">Inmuebles en Jo\u00e3o Pessoa: d\u00f3nde conviene comprar seg\u00fan la regi\u00f3n (orla, centro y zonas en expansi\u00f3n)<\/a><\/h2><\/header><div class=\"eael-entry-content\">\n                        <div class=\"eael-grid-post-excerpt\"><p>Los inmuebles en Jo\u00e3o Pessoa contin\u00faan en un ciclo de...<\/p><a href=\"https:\/\/tws-empreendimentos.com.br\/es\/inmuebles-en-joao-pessoa-mejores-zonas\/\" class=\"eael-post-elements-readmore-btn\">Leia mais<\/a><\/div>\n                    <\/div><\/div><\/div>\n        <\/div>\n    <\/article><article class=\"eael-grid-post  eael-post-grid-column eael-pg-post-25942 category-noticias-es\" data-id=\"25942\">\n        <div class=\"eael-grid-post-holder\">\n            <div class=\"eael-grid-post-holder-inner\"><div class=\"eael-entry-media\"><div class=\"eael-entry-overlay fade-in\"><i class=\"fas fa-long-arrow-alt-right\" aria-hidden=\"true\"><\/i><a href=\"https:\/\/tws-empreendimentos.com.br\/es\/carnaval-joao-pessoa-2025-fechas-bloques\/\"><\/a><\/div><div class=\"eael-entry-thumbnail \">\n                <img loading=\"lazy\" decoding=\"async\" width=\"300\" height=\"180\" src=\"https:\/\/tws-empreendimentos.com.br\/wp-content\/uploads\/2025\/02\/Calendario-de-Blocos-de-Rua-para-o-Carnaval-2025-em-Joao-Pessoa-300x180.jpg\" class=\"attachment-medium size-medium wp-image-17606\" alt=\"Calend\u00e1rio de Blocos de Rua para o Carnaval 2025 em Jo\u00e3o Pessoa\" srcset=\"https:\/\/tws-empreendimentos.com.br\/wp-content\/uploads\/2025\/02\/Calendario-de-Blocos-de-Rua-para-o-Carnaval-2025-em-Joao-Pessoa-300x180.jpg 300w, https:\/\/tws-empreendimentos.com.br\/wp-content\/uploads\/2025\/02\/Calendario-de-Blocos-de-Rua-para-o-Carnaval-2025-em-Joao-Pessoa-768x461.jpg 768w, https:\/\/tws-empreendimentos.com.br\/wp-content\/uploads\/2025\/02\/Calendario-de-Blocos-de-Rua-para-o-Carnaval-2025-em-Joao-Pessoa.jpg 1000w\" sizes=\"(max-width: 300px) 100vw, 300px\" \/>\n            <\/div>\n        <\/div><div class=\"eael-entry-wrapper\"><header class=\"eael-entry-header\"><h2 class=\"eael-entry-title\"><a class=\"eael-grid-post-link\" href=\"https:\/\/tws-empreendimentos.com.br\/es\/carnaval-joao-pessoa-2025-fechas-bloques\/\" title=\"Carnaval Jo\u00e3o Pessoa 2025: fechas, bloques, shows y consejos para organizar tu fiesta\">Carnaval Jo\u00e3o Pessoa 2025: fechas, bloques, shows y consejos para organizar tu fiesta<\/a><\/h2><\/header><div class=\"eael-entry-content\">\n                        <div class=\"eael-grid-post-excerpt\"><p>El Carnaval Jo\u00e3o Pessoa 2025 llega con previas animadas, bloques...<\/p><a href=\"https:\/\/tws-empreendimentos.com.br\/es\/carnaval-joao-pessoa-2025-fechas-bloques\/\" class=\"eael-post-elements-readmore-btn\">Leia mais<\/a><\/div>\n                    <\/div><\/div><\/div>\n        <\/div>\n    <\/article><article class=\"eael-grid-post  eael-post-grid-column eael-pg-post-25944 category-noticias-es\" data-id=\"25944\">\n        <div class=\"eael-grid-post-holder\">\n            <div class=\"eael-grid-post-holder-inner\"><div class=\"eael-entry-media\"><div class=\"eael-entry-overlay fade-in\"><i class=\"fas fa-long-arrow-alt-right\" aria-hidden=\"true\"><\/i><a href=\"https:\/\/tws-empreendimentos.com.br\/es\/bloco-vumbora-carnaval-joao-pessoa-2025\/\"><\/a><\/div><div class=\"eael-entry-thumbnail \">\n                <img loading=\"lazy\" decoding=\"async\" width=\"300\" height=\"180\" src=\"https:\/\/tws-empreendimentos.com.br\/wp-content\/uploads\/2025\/02\/Bloco-Vumbora-O-Bloco-Mais-Animado-de-2025-em-Joao-Pessoa-300x180.jpg\" class=\"attachment-medium size-medium wp-image-17610\" alt=\"Bloco Vumbora O Bloco Mais Animado de 2025 em Jo\u00e3o Pessoa\" srcset=\"https:\/\/tws-empreendimentos.com.br\/wp-content\/uploads\/2025\/02\/Bloco-Vumbora-O-Bloco-Mais-Animado-de-2025-em-Joao-Pessoa-300x180.jpg 300w, https:\/\/tws-empreendimentos.com.br\/wp-content\/uploads\/2025\/02\/Bloco-Vumbora-O-Bloco-Mais-Animado-de-2025-em-Joao-Pessoa-768x461.jpg 768w, https:\/\/tws-empreendimentos.com.br\/wp-content\/uploads\/2025\/02\/Bloco-Vumbora-O-Bloco-Mais-Animado-de-2025-em-Joao-Pessoa.jpg 1000w\" sizes=\"(max-width: 300px) 100vw, 300px\" \/>\n            <\/div>\n        <\/div><div class=\"eael-entry-wrapper\"><header class=\"eael-entry-header\"><h2 class=\"eael-entry-title\"><a class=\"eael-grid-post-link\" href=\"https:\/\/tws-empreendimentos.com.br\/es\/bloco-vumbora-carnaval-joao-pessoa-2025\/\" title=\"Bloco Vumbora en el Carnaval de Jo\u00e3o Pessoa 2025: ritmo, calle y una energ\u00eda que se contagia\">Bloco Vumbora en el Carnaval de Jo\u00e3o Pessoa 2025: ritmo, calle y una energ\u00eda que se contagia<\/a><\/h2><\/header><div class=\"eael-entry-content\">\n                        <div class=\"eael-grid-post-excerpt\"><p>El Bloco Vumbora es, desde hace a\u00f1os, uno de los...<\/p><a href=\"https:\/\/tws-empreendimentos.com.br\/es\/bloco-vumbora-carnaval-joao-pessoa-2025\/\" class=\"eael-post-elements-readmore-btn\">Leia mais<\/a><\/div>\n                    <\/div><\/div><\/div>\n        <\/div>\n    <\/article><article class=\"eael-grid-post  eael-post-grid-column eael-pg-post-25945 category-noticias-es\" data-id=\"25945\">\n        <div class=\"eael-grid-post-holder\">\n            <div class=\"eael-grid-post-holder-inner\"><div class=\"eael-entry-media\"><div class=\"eael-entry-overlay fade-in\"><i class=\"fas fa-long-arrow-alt-right\" aria-hidden=\"true\"><\/i><a href=\"https:\/\/tws-empreendimentos.com.br\/es\/historia-bloques-carnaval-joao-pessoa\/\"><\/a><\/div><div class=\"eael-entry-thumbnail \">\n                <img loading=\"lazy\" decoding=\"async\" width=\"300\" height=\"180\" src=\"https:\/\/tws-empreendimentos.com.br\/wp-content\/uploads\/2025\/02\/Historia-dos-Blocos-de-Carnaval-em-Joao-Pessoa-300x180.jpg\" class=\"attachment-medium size-medium wp-image-17614\" alt=\"Hist\u00f3ria dos Blocos de Carnaval em Jo\u00e3o Pessoa\" srcset=\"https:\/\/tws-empreendimentos.com.br\/wp-content\/uploads\/2025\/02\/Historia-dos-Blocos-de-Carnaval-em-Joao-Pessoa-300x180.jpg 300w, https:\/\/tws-empreendimentos.com.br\/wp-content\/uploads\/2025\/02\/Historia-dos-Blocos-de-Carnaval-em-Joao-Pessoa-768x461.jpg 768w, https:\/\/tws-empreendimentos.com.br\/wp-content\/uploads\/2025\/02\/Historia-dos-Blocos-de-Carnaval-em-Joao-Pessoa.jpg 1000w\" sizes=\"(max-width: 300px) 100vw, 300px\" \/>\n            <\/div>\n        <\/div><div class=\"eael-entry-wrapper\"><header class=\"eael-entry-header\"><h2 class=\"eael-entry-title\"><a class=\"eael-grid-post-link\" href=\"https:\/\/tws-empreendimentos.com.br\/es\/historia-bloques-carnaval-joao-pessoa\/\" title=\"Historia de los bloques del Carnaval de Jo\u00e3o Pessoa: tradici\u00f3n, calle y identidad paraibana\">Historia de los bloques del Carnaval de Jo\u00e3o Pessoa: tradici\u00f3n, calle y identidad paraibana<\/a><\/h2><\/header><div class=\"eael-entry-content\">\n                        <div class=\"eael-grid-post-excerpt\"><p>El Carnaval de Jo\u00e3o Pessoa es uno de los momentos...<\/p><a href=\"https:\/\/tws-empreendimentos.com.br\/es\/historia-bloques-carnaval-joao-pessoa\/\" class=\"eael-post-elements-readmore-btn\">Leia mais<\/a><\/div>\n                    <\/div><\/div><\/div>\n        <\/div>\n    <\/article><article class=\"eael-grid-post  eael-post-grid-column eael-pg-post-25947 category-noticias-es\" data-id=\"25947\">\n        <div class=\"eael-grid-post-holder\">\n            <div class=\"eael-grid-post-holder-inner\"><div class=\"eael-entry-media\"><div class=\"eael-entry-overlay fade-in\"><i class=\"fas fa-long-arrow-alt-right\" aria-hidden=\"true\"><\/i><a href=\"https:\/\/tws-empreendimentos.com.br\/es\/bloco-virgens-de-tambau-carnaval-joao-pessoa-2025\/\"><\/a><\/div><div class=\"eael-entry-thumbnail \">\n                <img loading=\"lazy\" decoding=\"async\" width=\"300\" height=\"180\" src=\"https:\/\/tws-empreendimentos.com.br\/wp-content\/uploads\/2025\/02\/Bloco-Virgens-de-Tambau-Destaques-do-Carnaval-de-Joao-Pessoa-300x180.jpg\" class=\"attachment-medium size-medium wp-image-17618\" alt=\"Bloco Virgens de Tamba\u00fa Destaques do Carnaval de Jo\u00e3o Pessoa\" srcset=\"https:\/\/tws-empreendimentos.com.br\/wp-content\/uploads\/2025\/02\/Bloco-Virgens-de-Tambau-Destaques-do-Carnaval-de-Joao-Pessoa-300x180.jpg 300w, https:\/\/tws-empreendimentos.com.br\/wp-content\/uploads\/2025\/02\/Bloco-Virgens-de-Tambau-Destaques-do-Carnaval-de-Joao-Pessoa-768x461.jpg 768w, https:\/\/tws-empreendimentos.com.br\/wp-content\/uploads\/2025\/02\/Bloco-Virgens-de-Tambau-Destaques-do-Carnaval-de-Joao-Pessoa.jpg 1000w\" sizes=\"(max-width: 300px) 100vw, 300px\" \/>\n            <\/div>\n        <\/div><div class=\"eael-entry-wrapper\"><header class=\"eael-entry-header\"><h2 class=\"eael-entry-title\"><a class=\"eael-grid-post-link\" href=\"https:\/\/tws-empreendimentos.com.br\/es\/bloco-virgens-de-tambau-carnaval-joao-pessoa-2025\/\" title=\"Bloco Virgens de Tamba\u00fa: la fiesta m\u00e1s irreverente del Carnaval de Jo\u00e3o Pessoa 2025\">Bloco Virgens de Tamba\u00fa: la fiesta m\u00e1s irreverente del Carnaval de Jo\u00e3o Pessoa 2025<\/a><\/h2><\/header><div class=\"eael-entry-content\">\n                        <div class=\"eael-grid-post-excerpt\"><p>El Bloco Virgens de Tamba\u00fa es, desde hace a\u00f1os, uno...<\/p><a href=\"https:\/\/tws-empreendimentos.com.br\/es\/bloco-virgens-de-tambau-carnaval-joao-pessoa-2025\/\" class=\"eael-post-elements-readmore-btn\">Leia mais<\/a><\/div>\n                    <\/div><\/div><\/div>\n        <\/div>\n    <\/article><article class=\"eael-grid-post  eael-post-grid-column eael-pg-post-25950 category-noticias-es\" data-id=\"25950\">\n        <div class=\"eael-grid-post-holder\">\n            <div class=\"eael-grid-post-holder-inner\"><div class=\"eael-entry-media\"><div class=\"eael-entry-overlay fade-in\"><i class=\"fas fa-long-arrow-alt-right\" aria-hidden=\"true\"><\/i><a href=\"https:\/\/tws-empreendimentos.com.br\/es\/bloco-picole-de-manga-carnaval-joao-pessoa-2025\/\"><\/a><\/div><div class=\"eael-entry-thumbnail \">\n                <img loading=\"lazy\" decoding=\"async\" width=\"300\" height=\"180\" src=\"https:\/\/tws-empreendimentos.com.br\/wp-content\/uploads\/2025\/02\/Desfile-do-Bloco-Picole-de-Manga-Alegria-e-Diversao-no-Carnaval-2025-300x180.jpg\" class=\"attachment-medium size-medium wp-image-17622\" alt=\"Desfile do Bloco Picol\u00e9 de Manga Alegria e Divers\u00e3o no Carnaval 2025\" srcset=\"https:\/\/tws-empreendimentos.com.br\/wp-content\/uploads\/2025\/02\/Desfile-do-Bloco-Picole-de-Manga-Alegria-e-Diversao-no-Carnaval-2025-300x180.jpg 300w, https:\/\/tws-empreendimentos.com.br\/wp-content\/uploads\/2025\/02\/Desfile-do-Bloco-Picole-de-Manga-Alegria-e-Diversao-no-Carnaval-2025-768x461.jpg 768w, https:\/\/tws-empreendimentos.com.br\/wp-content\/uploads\/2025\/02\/Desfile-do-Bloco-Picole-de-Manga-Alegria-e-Diversao-no-Carnaval-2025.jpg 1000w\" sizes=\"(max-width: 300px) 100vw, 300px\" \/>\n            <\/div>\n        <\/div><div class=\"eael-entry-wrapper\"><header class=\"eael-entry-header\"><h2 class=\"eael-entry-title\"><a class=\"eael-grid-post-link\" href=\"https:\/\/tws-empreendimentos.com.br\/es\/bloco-picole-de-manga-carnaval-joao-pessoa-2025\/\" title=\"Bloco Picol\u00e9 de Manga: la fiesta m\u00e1s colorida del Carnaval de Jo\u00e3o Pessoa 2025\">Bloco Picol\u00e9 de Manga: la fiesta m\u00e1s colorida del Carnaval de Jo\u00e3o Pessoa 2025<\/a><\/h2><\/header><div class=\"eael-entry-content\">\n                        <div class=\"eael-grid-post-excerpt\"><p>El Bloco Picol\u00e9 de Manga se gan\u00f3 un lugar especial...<\/p><a href=\"https:\/\/tws-empreendimentos.com.br\/es\/bloco-picole-de-manga-carnaval-joao-pessoa-2025\/\" class=\"eael-post-elements-readmore-btn\">Leia mais<\/a><\/div>\n                    <\/div><\/div><\/div>\n        <\/div>\n    <\/article><article class=\"eael-grid-post  eael-post-grid-column eael-pg-post-25952 category-noticias-es\" data-id=\"25952\">\n        <div class=\"eael-grid-post-holder\">\n            <div class=\"eael-grid-post-holder-inner\"><div class=\"eael-entry-media\"><div class=\"eael-entry-overlay fade-in\"><i class=\"fas fa-long-arrow-alt-right\" aria-hidden=\"true\"><\/i><a href=\"https:\/\/tws-empreendimentos.com.br\/es\/blocos-carnaval-joao-pessoa-2025-como-participar\/\"><\/a><\/div><div class=\"eael-entry-thumbnail \">\n                <img loading=\"lazy\" decoding=\"async\" width=\"300\" height=\"180\" src=\"https:\/\/tws-empreendimentos.com.br\/wp-content\/uploads\/2025\/02\/Como-Participar-dos-Blocos-Mais-Famosos-de-Joao-Pessoa-em-2025-300x180.jpg\" class=\"attachment-medium size-medium wp-image-17626\" alt=\"Como Participar dos Blocos Mais Famosos de Jo\u00e3o Pessoa em 2025\" srcset=\"https:\/\/tws-empreendimentos.com.br\/wp-content\/uploads\/2025\/02\/Como-Participar-dos-Blocos-Mais-Famosos-de-Joao-Pessoa-em-2025-300x180.jpg 300w, https:\/\/tws-empreendimentos.com.br\/wp-content\/uploads\/2025\/02\/Como-Participar-dos-Blocos-Mais-Famosos-de-Joao-Pessoa-em-2025-768x461.jpg 768w, https:\/\/tws-empreendimentos.com.br\/wp-content\/uploads\/2025\/02\/Como-Participar-dos-Blocos-Mais-Famosos-de-Joao-Pessoa-em-2025.jpg 1000w\" sizes=\"(max-width: 300px) 100vw, 300px\" \/>\n            <\/div>\n        <\/div><div class=\"eael-entry-wrapper\"><header class=\"eael-entry-header\"><h2 class=\"eael-entry-title\"><a class=\"eael-grid-post-link\" href=\"https:\/\/tws-empreendimentos.com.br\/es\/blocos-carnaval-joao-pessoa-2025-como-participar\/\" title=\"C\u00f3mo participar en los blocos del Carnaval de Jo\u00e3o Pessoa en 2025: gu\u00eda pr\u00e1ctica para vivir la calle\">C\u00f3mo participar en los blocos del Carnaval de Jo\u00e3o Pessoa en 2025: gu\u00eda pr\u00e1ctica para vivir la calle<\/a><\/h2><\/header><div class=\"eael-entry-content\">\n                        <div class=\"eael-grid-post-excerpt\"><p>El Carnaval en Jo\u00e3o Pessoa no se entiende solo como...<\/p><a href=\"https:\/\/tws-empreendimentos.com.br\/es\/blocos-carnaval-joao-pessoa-2025-como-participar\/\" class=\"eael-post-elements-readmore-btn\">Leia mais<\/a><\/div>\n                    <\/div><\/div><\/div>\n        <\/div>\n    <\/article><article class=\"eael-grid-post  eael-post-grid-column eael-pg-post-25953 category-noticias-es\" data-id=\"25953\">\n        <div class=\"eael-grid-post-holder\">\n            <div class=\"eael-grid-post-holder-inner\"><div class=\"eael-entry-media\"><div class=\"eael-entry-overlay fade-in\"><i class=\"fas fa-long-arrow-alt-right\" aria-hidden=\"true\"><\/i><a href=\"https:\/\/tws-empreendimentos.com.br\/es\/folia-de-rua-joao-pessoa-2025\/\"><\/a><\/div><div class=\"eael-entry-thumbnail \">\n                <img loading=\"lazy\" decoding=\"async\" width=\"300\" height=\"180\" src=\"https:\/\/tws-empreendimentos.com.br\/wp-content\/uploads\/2025\/02\/Folia-de-Rua-Os-Melhores-Blocos-Pre-Carnaval-de-Joao-Pessoa-300x180.jpg\" class=\"attachment-medium size-medium wp-image-17630\" alt=\"Folia de Rua Os Melhores Blocos Pr\u00e9-Carnaval de Jo\u00e3o Pessoa\" srcset=\"https:\/\/tws-empreendimentos.com.br\/wp-content\/uploads\/2025\/02\/Folia-de-Rua-Os-Melhores-Blocos-Pre-Carnaval-de-Joao-Pessoa-300x180.jpg 300w, https:\/\/tws-empreendimentos.com.br\/wp-content\/uploads\/2025\/02\/Folia-de-Rua-Os-Melhores-Blocos-Pre-Carnaval-de-Joao-Pessoa-768x461.jpg 768w, https:\/\/tws-empreendimentos.com.br\/wp-content\/uploads\/2025\/02\/Folia-de-Rua-Os-Melhores-Blocos-Pre-Carnaval-de-Joao-Pessoa.jpg 1000w\" sizes=\"(max-width: 300px) 100vw, 300px\" \/>\n            <\/div>\n        <\/div><div class=\"eael-entry-wrapper\"><header class=\"eael-entry-header\"><h2 class=\"eael-entry-title\"><a class=\"eael-grid-post-link\" href=\"https:\/\/tws-empreendimentos.com.br\/es\/folia-de-rua-joao-pessoa-2025\/\" title=\"Folia de Rua en Jo\u00e3o Pessoa 2025: gu\u00eda de los bloques de precarnaval para vivir la fiesta como un local\">Folia de Rua en Jo\u00e3o Pessoa 2025: gu\u00eda de los bloques de precarnaval para vivir la fiesta como un local<\/a><\/h2><\/header><div class=\"eael-entry-content\">\n                        <div class=\"eael-grid-post-excerpt\"><p>La Folia de Rua en Jo\u00e3o Pessoa es uno de...<\/p><a href=\"https:\/\/tws-empreendimentos.com.br\/es\/folia-de-rua-joao-pessoa-2025\/\" class=\"eael-post-elements-readmore-btn\">Leia mais<\/a><\/div>\n                    <\/div><\/div><\/div>\n        <\/div>\n    <\/article><article class=\"eael-grid-post  eael-post-grid-column eael-pg-post-25956 category-noticias-es\" data-id=\"25956\">\n        <div class=\"eael-grid-post-holder\">\n            <div class=\"eael-grid-post-holder-inner\"><div class=\"eael-entry-media\"><div class=\"eael-entry-overlay fade-in\"><i class=\"fas fa-long-arrow-alt-right\" aria-hidden=\"true\"><\/i><a href=\"https:\/\/tws-empreendimentos.com.br\/es\/bloco-cafucu-carnaval-joao-pessoa-2025\/\"><\/a><\/div><div class=\"eael-entry-thumbnail \">\n                <img loading=\"lazy\" decoding=\"async\" width=\"300\" height=\"180\" src=\"https:\/\/tws-empreendimentos.com.br\/wp-content\/uploads\/2025\/02\/Bloco-Cafucu-Prepare-a-Fantasia-e-Venha-se-Divertir-em-2025-300x180.jpg\" class=\"attachment-medium size-medium wp-image-17634\" alt=\"Bloco Cafu\u00e7u Prepare a Fantasia e Venha se Divertir em 2025\" srcset=\"https:\/\/tws-empreendimentos.com.br\/wp-content\/uploads\/2025\/02\/Bloco-Cafucu-Prepare-a-Fantasia-e-Venha-se-Divertir-em-2025-300x180.jpg 300w, https:\/\/tws-empreendimentos.com.br\/wp-content\/uploads\/2025\/02\/Bloco-Cafucu-Prepare-a-Fantasia-e-Venha-se-Divertir-em-2025-768x461.jpg 768w, https:\/\/tws-empreendimentos.com.br\/wp-content\/uploads\/2025\/02\/Bloco-Cafucu-Prepare-a-Fantasia-e-Venha-se-Divertir-em-2025.jpg 1000w\" sizes=\"(max-width: 300px) 100vw, 300px\" \/>\n            <\/div>\n        <\/div><div class=\"eael-entry-wrapper\"><header class=\"eael-entry-header\"><h2 class=\"eael-entry-title\"><a class=\"eael-grid-post-link\" href=\"https:\/\/tws-empreendimentos.com.br\/es\/bloco-cafucu-carnaval-joao-pessoa-2025\/\" title=\"Bloco Cafu\u00e7u en el Carnaval de Jo\u00e3o Pessoa 2025: tradici\u00f3n, humor y calle con alma\">Bloco Cafu\u00e7u en el Carnaval de Jo\u00e3o Pessoa 2025: tradici\u00f3n, humor y calle con alma<\/a><\/h2><\/header><div class=\"eael-entry-content\">\n                        <div class=\"eael-grid-post-excerpt\"><p>El Bloco Cafu\u00e7u es, desde hace a\u00f1os, una de las...<\/p><a href=\"https:\/\/tws-empreendimentos.com.br\/es\/bloco-cafucu-carnaval-joao-pessoa-2025\/\" class=\"eael-post-elements-readmore-btn\">Leia mais<\/a><\/div>\n                    <\/div><\/div><\/div>\n        <\/div>\n    <\/article><article class=\"eael-grid-post  eael-post-grid-column eael-pg-post-25957 category-noticias-es\" data-id=\"25957\">\n        <div class=\"eael-grid-post-holder\">\n            <div class=\"eael-grid-post-holder-inner\"><div class=\"eael-entry-media\"><div class=\"eael-entry-overlay fade-in\"><i class=\"fas fa-long-arrow-alt-right\" aria-hidden=\"true\"><\/i><a href=\"https:\/\/tws-empreendimentos.com.br\/es\/bloco-muricocas-do-miramar-carnaval-joao-pessoa-2025\/\"><\/a><\/div><div class=\"eael-entry-thumbnail \">\n                <img loading=\"lazy\" decoding=\"async\" width=\"300\" height=\"180\" src=\"https:\/\/tws-empreendimentos.com.br\/wp-content\/uploads\/2025\/02\/Bloco-Muricocas-do-Miramar-Tradicao-e-Folia-no-Carnaval-2025-300x180.jpg\" class=\"attachment-medium size-medium wp-image-17638\" alt=\"Bloco Muri\u00e7ocas do Miramar Tradi\u00e7\u00e3o e Folia no Carnaval 2025\" srcset=\"https:\/\/tws-empreendimentos.com.br\/wp-content\/uploads\/2025\/02\/Bloco-Muricocas-do-Miramar-Tradicao-e-Folia-no-Carnaval-2025-300x180.jpg 300w, https:\/\/tws-empreendimentos.com.br\/wp-content\/uploads\/2025\/02\/Bloco-Muricocas-do-Miramar-Tradicao-e-Folia-no-Carnaval-2025-768x461.jpg 768w, https:\/\/tws-empreendimentos.com.br\/wp-content\/uploads\/2025\/02\/Bloco-Muricocas-do-Miramar-Tradicao-e-Folia-no-Carnaval-2025.jpg 1000w\" sizes=\"(max-width: 300px) 100vw, 300px\" \/>\n            <\/div>\n        <\/div><div class=\"eael-entry-wrapper\"><header class=\"eael-entry-header\"><h2 class=\"eael-entry-title\"><a class=\"eael-grid-post-link\" href=\"https:\/\/tws-empreendimentos.com.br\/es\/bloco-muricocas-do-miramar-carnaval-joao-pessoa-2025\/\" title=\"Bloco Muri\u00e7ocas do Miramar en el Carnaval de Jo\u00e3o Pessoa 2025: tradici\u00f3n, m\u00fasica y una noche que nadie olvida\">Bloco Muri\u00e7ocas do Miramar en el Carnaval de Jo\u00e3o Pessoa 2025: tradici\u00f3n, m\u00fasica y una noche que nadie olvida<\/a><\/h2><\/header><div class=\"eael-entry-content\">\n                        <div class=\"eael-grid-post-excerpt\"><p>El Bloco Muri\u00e7ocas do Miramar es, a\u00f1o tras a\u00f1o, una...<\/p><a href=\"https:\/\/tws-empreendimentos.com.br\/es\/bloco-muricocas-do-miramar-carnaval-joao-pessoa-2025\/\" class=\"eael-post-elements-readmore-btn\">Leia mais<\/a><\/div>\n                    <\/div><\/div><\/div>\n        <\/div>\n    <\/article><article class=\"eael-grid-post  eael-post-grid-column eael-pg-post-25968 category-noticias-es\" data-id=\"25968\">\n        <div class=\"eael-grid-post-holder\">\n            <div class=\"eael-grid-post-holder-inner\"><div class=\"eael-entry-media\"><div class=\"eael-entry-overlay fade-in\"><i class=\"fas fa-long-arrow-alt-right\" aria-hidden=\"true\"><\/i><a href=\"https:\/\/tws-empreendimentos.com.br\/es\/carnaval-joao-pessoa-2025-mejores-blocos\/\"><\/a><\/div><div class=\"eael-entry-thumbnail \">\n                <img loading=\"lazy\" decoding=\"async\" width=\"300\" height=\"180\" src=\"https:\/\/tws-empreendimentos.com.br\/wp-content\/uploads\/2025\/02\/Carnaval-de-Joao-Pessoa-Como-Aproveitar-os-Melhores-Blocos-300x180.jpg\" class=\"attachment-medium size-medium wp-image-17642\" alt=\"Carnaval de Jo\u00e3o Pessoa Como Aproveitar os Melhores Blocos\" srcset=\"https:\/\/tws-empreendimentos.com.br\/wp-content\/uploads\/2025\/02\/Carnaval-de-Joao-Pessoa-Como-Aproveitar-os-Melhores-Blocos-300x180.jpg 300w, https:\/\/tws-empreendimentos.com.br\/wp-content\/uploads\/2025\/02\/Carnaval-de-Joao-Pessoa-Como-Aproveitar-os-Melhores-Blocos-768x461.jpg 768w, https:\/\/tws-empreendimentos.com.br\/wp-content\/uploads\/2025\/02\/Carnaval-de-Joao-Pessoa-Como-Aproveitar-os-Melhores-Blocos.jpg 1000w\" sizes=\"(max-width: 300px) 100vw, 300px\" \/>\n            <\/div>\n        <\/div><div class=\"eael-entry-wrapper\"><header class=\"eael-entry-header\"><h2 class=\"eael-entry-title\"><a class=\"eael-grid-post-link\" href=\"https:\/\/tws-empreendimentos.com.br\/es\/carnaval-joao-pessoa-2025-mejores-blocos\/\" title=\"Carnaval de Jo\u00e3o Pessoa 2025: c\u00f3mo vivir los mejores blocos con comodidad y seguridad\">Carnaval de Jo\u00e3o Pessoa 2025: c\u00f3mo vivir los mejores blocos con comodidad y seguridad<\/a><\/h2><\/header><div class=\"eael-entry-content\">\n                        <div class=\"eael-grid-post-excerpt\"><p>El Carnaval de Jo\u00e3o Pessoa se siente distinto: es calle,...<\/p><a href=\"https:\/\/tws-empreendimentos.com.br\/es\/carnaval-joao-pessoa-2025-mejores-blocos\/\" class=\"eael-post-elements-readmore-btn\">Leia mais<\/a><\/div>\n                    <\/div><\/div><\/div>\n        <\/div>\n    <\/article><article class=\"eael-grid-post  eael-post-grid-column eael-pg-post-25972 category-noticias-es\" data-id=\"25972\">\n        <div class=\"eael-grid-post-holder\">\n            <div class=\"eael-grid-post-holder-inner\"><div class=\"eael-entry-media\"><div class=\"eael-entry-overlay fade-in\"><i class=\"fas fa-long-arrow-alt-right\" aria-hidden=\"true\"><\/i><a href=\"https:\/\/tws-empreendimentos.com.br\/es\/carnaval-callejero-joao-pessoa-2025\/\"><\/a><\/div><div class=\"eael-entry-thumbnail \">\n                <img loading=\"lazy\" decoding=\"async\" width=\"300\" height=\"180\" src=\"https:\/\/tws-empreendimentos.com.br\/wp-content\/uploads\/2025\/02\/Dicas-para-Aproveitar-o-Carnaval-de-Rua-em-Joao-Pessoa-em-2025-300x180.jpg\" class=\"attachment-medium size-medium wp-image-17646\" alt=\"Dicas para Aproveitar o Carnaval de Rua em Jo\u00e3o Pessoa em 2025\" srcset=\"https:\/\/tws-empreendimentos.com.br\/wp-content\/uploads\/2025\/02\/Dicas-para-Aproveitar-o-Carnaval-de-Rua-em-Joao-Pessoa-em-2025-300x180.jpg 300w, https:\/\/tws-empreendimentos.com.br\/wp-content\/uploads\/2025\/02\/Dicas-para-Aproveitar-o-Carnaval-de-Rua-em-Joao-Pessoa-em-2025-768x461.jpg 768w, https:\/\/tws-empreendimentos.com.br\/wp-content\/uploads\/2025\/02\/Dicas-para-Aproveitar-o-Carnaval-de-Rua-em-Joao-Pessoa-em-2025.jpg 1000w\" sizes=\"(max-width: 300px) 100vw, 300px\" \/>\n            <\/div>\n        <\/div><div class=\"eael-entry-wrapper\"><header class=\"eael-entry-header\"><h2 class=\"eael-entry-title\"><a class=\"eael-grid-post-link\" href=\"https:\/\/tws-empreendimentos.com.br\/es\/carnaval-callejero-joao-pessoa-2025\/\" title=\"Carnaval callejero en Jo\u00e3o Pessoa 2025: gu\u00eda pr\u00e1ctica para vivir los bloques con comodidad y seguridad\">Carnaval callejero en Jo\u00e3o Pessoa 2025: gu\u00eda pr\u00e1ctica para vivir los bloques con comodidad y seguridad<\/a><\/h2><\/header><div class=\"eael-entry-content\">\n                        <div class=\"eael-grid-post-excerpt\"><p>El Carnaval de Rua en Jo\u00e3o Pessoa es una de...<\/p><a href=\"https:\/\/tws-empreendimentos.com.br\/es\/carnaval-callejero-joao-pessoa-2025\/\" class=\"eael-post-elements-readmore-btn\">Leia mais<\/a><\/div>\n                    <\/div><\/div><\/div>\n        <\/div>\n    <\/article><article class=\"eael-grid-post  eael-post-grid-column eael-pg-post-25971 category-noticias-es\" data-id=\"25971\">\n        <div class=\"eael-grid-post-holder\">\n            <div class=\"eael-grid-post-holder-inner\"><div class=\"eael-entry-media\"><div class=\"eael-entry-overlay fade-in\"><i class=\"fas fa-long-arrow-alt-right\" aria-hidden=\"true\"><\/i><a href=\"https:\/\/tws-empreendimentos.com.br\/es\/carnaval-callejero-joao-pessoa-2025-2\/\"><\/a><\/div><div class=\"eael-entry-thumbnail \">\n                <img loading=\"lazy\" decoding=\"async\" width=\"300\" height=\"180\" src=\"https:\/\/tws-empreendimentos.com.br\/wp-content\/uploads\/2025\/02\/Blocos-de-Carnaval-2025-em-Joao-Pessoa-A-Festa-que-Une-Tradicao-e-Alegria-300x180.jpg\" class=\"attachment-medium size-medium wp-image-17650\" alt=\"Blocos de Carnaval 2025 em Jo\u00e3o Pessoa A Festa que Une Tradi\u00e7\u00e3o e Alegria\" srcset=\"https:\/\/tws-empreendimentos.com.br\/wp-content\/uploads\/2025\/02\/Blocos-de-Carnaval-2025-em-Joao-Pessoa-A-Festa-que-Une-Tradicao-e-Alegria-300x180.jpg 300w, https:\/\/tws-empreendimentos.com.br\/wp-content\/uploads\/2025\/02\/Blocos-de-Carnaval-2025-em-Joao-Pessoa-A-Festa-que-Une-Tradicao-e-Alegria-768x461.jpg 768w, https:\/\/tws-empreendimentos.com.br\/wp-content\/uploads\/2025\/02\/Blocos-de-Carnaval-2025-em-Joao-Pessoa-A-Festa-que-Une-Tradicao-e-Alegria.jpg 1000w\" sizes=\"(max-width: 300px) 100vw, 300px\" \/>\n            <\/div>\n        <\/div><div class=\"eael-entry-wrapper\"><header class=\"eael-entry-header\"><h2 class=\"eael-entry-title\"><a class=\"eael-grid-post-link\" href=\"https:\/\/tws-empreendimentos.com.br\/es\/carnaval-callejero-joao-pessoa-2025-2\/\" title=\"Carnaval callejero en Jo\u00e3o Pessoa 2025: gu\u00eda pr\u00e1ctica para vivir los bloques con comodidad y seguridad\">Carnaval callejero en Jo\u00e3o Pessoa 2025: gu\u00eda pr\u00e1ctica para vivir los bloques con comodidad y seguridad<\/a><\/h2><\/header><div class=\"eael-entry-content\">\n                        <div class=\"eael-grid-post-excerpt\"><p>El Carnaval de Rua en Jo\u00e3o Pessoa es una de...<\/p><a href=\"https:\/\/tws-empreendimentos.com.br\/es\/carnaval-callejero-joao-pessoa-2025-2\/\" class=\"eael-post-elements-readmore-btn\">Leia mais<\/a><\/div>\n                    <\/div><\/div><\/div>\n        <\/div>\n    <\/article><article class=\"eael-grid-post  eael-post-grid-column eael-pg-post-25970 category-noticias-es\" data-id=\"25970\">\n        <div class=\"eael-grid-post-holder\">\n            <div class=\"eael-grid-post-holder-inner\"><div class=\"eael-entry-media\"><div class=\"eael-entry-overlay fade-in\"><i class=\"fas fa-long-arrow-alt-right\" aria-hidden=\"true\"><\/i><a href=\"https:\/\/tws-empreendimentos.com.br\/es\/valorizacion-inmobiliaria-joao-pessoa\/\"><\/a><\/div><div class=\"eael-entry-thumbnail \">\n                <img loading=\"lazy\" decoding=\"async\" width=\"300\" height=\"180\" src=\"https:\/\/tws-empreendimentos.com.br\/wp-content\/uploads\/2025\/12\/O-Impacto-da-Valorizacao-de-Imoveis-na-Vida-dos-Moradores-de-Joao-Pessoa-300x180.jpg\" class=\"attachment-medium size-medium wp-image-17159\" alt=\"O Impacto da Valoriza\u00e7\u00e3o de Im\u00f3veis na Vida dos Moradores de Jo\u00e3o Pessoa\" srcset=\"https:\/\/tws-empreendimentos.com.br\/wp-content\/uploads\/2025\/12\/O-Impacto-da-Valorizacao-de-Imoveis-na-Vida-dos-Moradores-de-Joao-Pessoa-300x180.jpg 300w, https:\/\/tws-empreendimentos.com.br\/wp-content\/uploads\/2025\/12\/O-Impacto-da-Valorizacao-de-Imoveis-na-Vida-dos-Moradores-de-Joao-Pessoa.jpg 500w\" sizes=\"(max-width: 300px) 100vw, 300px\" \/>\n            <\/div>\n        <\/div><div class=\"eael-entry-wrapper\"><header class=\"eael-entry-header\"><h2 class=\"eael-entry-title\"><a class=\"eael-grid-post-link\" href=\"https:\/\/tws-empreendimentos.com.br\/es\/valorizacion-inmobiliaria-joao-pessoa\/\" title=\"C\u00f3mo la valorizaci\u00f3n inmobiliaria en Jo\u00e3o Pessoa est\u00e1 cambiando la vida en la ciudad\">C\u00f3mo la valorizaci\u00f3n inmobiliaria en Jo\u00e3o Pessoa est\u00e1 cambiando la vida en la ciudad<\/a><\/h2><\/header><div class=\"eael-entry-content\">\n                        <div class=\"eael-grid-post-excerpt\"><p>Hablar de valorizaci\u00f3n de inmuebles en Jo\u00e3o Pessoa ya no...<\/p><a href=\"https:\/\/tws-empreendimentos.com.br\/es\/valorizacion-inmobiliaria-joao-pessoa\/\" class=\"eael-post-elements-readmore-btn\">Leia mais<\/a><\/div>\n                    <\/div><\/div><\/div>\n        <\/div>\n    <\/article><\/div>\n            <div class=\"clearfix\"><\/div>\n        <\/div>\t\t\t\t<\/div>\n\t\t\t\t\t<\/div>\n\t\t\t\t<\/div>\n\t\t\t\t<\/div>\n\t\t","protected":false},"excerpt":{"rendered":"<p>Nenhum post encontrado!<\/p>\n","protected":false},"author":1,"featured_media":0,"parent":0,"menu_order":0,"comment_status":"closed","ping_status":"open","template":"elementor_header_footer","meta":{"footnotes":""},"class_list":["post-9769","page","type-page","status-publish","hentry"],"yoast_head":"<!-- This site is optimized with the Yoast SEO Premium plugin v24.3 (Yoast SEO v26.9) - https:\/\/yoast.com\/product\/yoast-seo-premium-wordpress\/ -->\n<title>Blog - TWS Empreendimentos<\/title>\n<meta name=\"robots\" content=\"index, follow, max-snippet:-1, max-image-preview:large, max-video-preview:-1\" \/>\n<link rel=\"canonical\" href=\"https:\/\/tws-empreendimentos.com.br\/es\/blog\/\" \/>\n<meta property=\"og:locale\" content=\"es_ES\" \/>\n<meta property=\"og:type\" content=\"article\" \/>\n<meta property=\"og:title\" content=\"Blog\" \/>\n<meta property=\"og:description\" content=\"Nenhum post encontrado!\" \/>\n<meta property=\"og:url\" content=\"https:\/\/tws-empreendimentos.com.br\/es\/blog\/\" \/>\n<meta property=\"og:site_name\" content=\"TWS Empreendimentos\" \/>\n<meta property=\"article:modified_time\" content=\"2025-02-07T09:14:25+00:00\" \/>\n<meta property=\"og:image\" content=\"https:\/\/tws-empreendimentos.com.br\/wp-content\/uploads\/2023\/03\/TWS-LOGOMARCA.png\" \/>\n\t<meta property=\"og:image:width\" content=\"300\" \/>\n\t<meta property=\"og:image:height\" content=\"300\" \/>\n\t<meta property=\"og:image:type\" content=\"image\/png\" \/>\n<meta name=\"twitter:card\" content=\"summary_large_image\" \/>\n<script type=\"application\/ld+json\" class=\"yoast-schema-graph\">{\"@context\":\"https:\/\/schema.org\",\"@graph\":[{\"@type\":\"WebPage\",\"@id\":\"https:\/\/tws-empreendimentos.com.br\/es\/blog\/\",\"url\":\"https:\/\/tws-empreendimentos.com.br\/es\/blog\/\",\"name\":\"Blog - TWS Empreendimentos\",\"isPartOf\":{\"@id\":\"https:\/\/tws-empreendimentos.com.br\/#website\"},\"datePublished\":\"2023-03-10T12:06:05+00:00\",\"dateModified\":\"2025-02-07T09:14:25+00:00\",\"breadcrumb\":{\"@id\":\"https:\/\/tws-empreendimentos.com.br\/es\/blog\/#breadcrumb\"},\"inLanguage\":\"es\",\"potentialAction\":[{\"@type\":\"ReadAction\",\"target\":[\"https:\/\/tws-empreendimentos.com.br\/es\/blog\/\"]}]},{\"@type\":\"BreadcrumbList\",\"@id\":\"https:\/\/tws-empreendimentos.com.br\/es\/blog\/#breadcrumb\",\"itemListElement\":[{\"@type\":\"ListItem\",\"position\":1,\"name\":\"In\u00edcio\",\"item\":\"https:\/\/tws-empreendimentos.com.br\/\"},{\"@type\":\"ListItem\",\"position\":2,\"name\":\"Blog\"}]},{\"@type\":\"WebSite\",\"@id\":\"https:\/\/tws-empreendimentos.com.br\/#website\",\"url\":\"https:\/\/tws-empreendimentos.com.br\/\",\"name\":\"TWS Empreendimentos\",\"description\":\"Construtora e Imobili\u00e1ria em Jo\u00e3o Pessoa, Brasil\",\"publisher\":{\"@id\":\"https:\/\/tws-empreendimentos.com.br\/#organization\"},\"alternateName\":\"TWS Empreendimentos\",\"potentialAction\":[{\"@type\":\"SearchAction\",\"target\":{\"@type\":\"EntryPoint\",\"urlTemplate\":\"https:\/\/tws-empreendimentos.com.br\/?s={search_term_string}\"},\"query-input\":{\"@type\":\"PropertyValueSpecification\",\"valueRequired\":true,\"valueName\":\"search_term_string\"}}],\"inLanguage\":\"es\"},{\"@type\":\"Organization\",\"@id\":\"https:\/\/tws-empreendimentos.com.br\/#organization\",\"name\":\"TWS Empreendimentos\",\"alternateName\":\"TWS Empreendimentos\",\"url\":\"https:\/\/tws-empreendimentos.com.br\/\",\"logo\":{\"@type\":\"ImageObject\",\"inLanguage\":\"es\",\"@id\":\"https:\/\/tws-empreendimentos.com.br\/#\/schema\/logo\/image\/\",\"url\":\"https:\/\/tws-empreendimentos.com.br\/wp-content\/uploads\/2023\/03\/TWS-LOGOMARCA.png\",\"contentUrl\":\"https:\/\/tws-empreendimentos.com.br\/wp-content\/uploads\/2023\/03\/TWS-LOGOMARCA.png\",\"width\":300,\"height\":300,\"caption\":\"TWS Empreendimentos\"},\"image\":{\"@id\":\"https:\/\/tws-empreendimentos.com.br\/#\/schema\/logo\/image\/\"}}]}<\/script>\n<!-- \/ Yoast SEO Premium plugin. -->","yoast_head_json":{"title":"Blog - TWS Empreendimentos","robots":{"index":"index","follow":"follow","max-snippet":"max-snippet:-1","max-image-preview":"max-image-preview:large","max-video-preview":"max-video-preview:-1"},"canonical":"https:\/\/tws-empreendimentos.com.br\/es\/blog\/","og_locale":"es_ES","og_type":"article","og_title":"Blog","og_description":"Nenhum post encontrado!","og_url":"https:\/\/tws-empreendimentos.com.br\/es\/blog\/","og_site_name":"TWS Empreendimentos","article_modified_time":"2025-02-07T09:14:25+00:00","og_image":[{"width":300,"height":300,"url":"https:\/\/tws-empreendimentos.com.br\/wp-content\/uploads\/2023\/03\/TWS-LOGOMARCA.png","type":"image\/png"}],"twitter_card":"summary_large_image","schema":{"@context":"https:\/\/schema.org","@graph":[{"@type":"WebPage","@id":"https:\/\/tws-empreendimentos.com.br\/es\/blog\/","url":"https:\/\/tws-empreendimentos.com.br\/es\/blog\/","name":"Blog - TWS Empreendimentos","isPartOf":{"@id":"https:\/\/tws-empreendimentos.com.br\/#website"},"datePublished":"2023-03-10T12:06:05+00:00","dateModified":"2025-02-07T09:14:25+00:00","breadcrumb":{"@id":"https:\/\/tws-empreendimentos.com.br\/es\/blog\/#breadcrumb"},"inLanguage":"es","potentialAction":[{"@type":"ReadAction","target":["https:\/\/tws-empreendimentos.com.br\/es\/blog\/"]}]},{"@type":"BreadcrumbList","@id":"https:\/\/tws-empreendimentos.com.br\/es\/blog\/#breadcrumb","itemListElement":[{"@type":"ListItem","position":1,"name":"In\u00edcio","item":"https:\/\/tws-empreendimentos.com.br\/"},{"@type":"ListItem","position":2,"name":"Blog"}]},{"@type":"WebSite","@id":"https:\/\/tws-empreendimentos.com.br\/#website","url":"https:\/\/tws-empreendimentos.com.br\/","name":"TWS Empreendimentos","description":"Construtora e Imobili\u00e1ria em Jo\u00e3o Pessoa, Brasil","publisher":{"@id":"https:\/\/tws-empreendimentos.com.br\/#organization"},"alternateName":"TWS Empreendimentos","potentialAction":[{"@type":"SearchAction","target":{"@type":"EntryPoint","urlTemplate":"https:\/\/tws-empreendimentos.com.br\/?s={search_term_string}"},"query-input":{"@type":"PropertyValueSpecification","valueRequired":true,"valueName":"search_term_string"}}],"inLanguage":"es"},{"@type":"Organization","@id":"https:\/\/tws-empreendimentos.com.br\/#organization","name":"TWS Empreendimentos","alternateName":"TWS Empreendimentos","url":"https:\/\/tws-empreendimentos.com.br\/","logo":{"@type":"ImageObject","inLanguage":"es","@id":"https:\/\/tws-empreendimentos.com.br\/#\/schema\/logo\/image\/","url":"https:\/\/tws-empreendimentos.com.br\/wp-content\/uploads\/2023\/03\/TWS-LOGOMARCA.png","contentUrl":"https:\/\/tws-empreendimentos.com.br\/wp-content\/uploads\/2023\/03\/TWS-LOGOMARCA.png","width":300,"height":300,"caption":"TWS Empreendimentos"},"image":{"@id":"https:\/\/tws-empreendimentos.com.br\/#\/schema\/logo\/image\/"}}]}},"_links":{"self":[{"href":"https:\/\/tws-empreendimentos.com.br\/es\/wp-json\/wp\/v2\/pages\/9769","targetHints":{"allow":["GET"]}}],"collection":[{"href":"https:\/\/tws-empreendimentos.com.br\/es\/wp-json\/wp\/v2\/pages"}],"about":[{"href":"https:\/\/tws-empreendimentos.com.br\/es\/wp-json\/wp\/v2\/types\/page"}],"author":[{"embeddable":true,"href":"https:\/\/tws-empreendimentos.com.br\/es\/wp-json\/wp\/v2\/users\/1"}],"replies":[{"embeddable":true,"href":"https:\/\/tws-empreendimentos.com.br\/es\/wp-json\/wp\/v2\/comments?post=9769"}],"version-history":[{"count":0,"href":"https:\/\/tws-empreendimentos.com.br\/es\/wp-json\/wp\/v2\/pages\/9769\/revisions"}],"wp:attachment":[{"href":"https:\/\/tws-empreendimentos.com.br\/es\/wp-json\/wp\/v2\/media?parent=9769"}],"curies":[{"name":"wp","href":"https:\/\/api.w.org\/{rel}","templated":true}]}}